{"id":6927,"date":"2025-09-30T10:33:08","date_gmt":"2025-09-30T08:33:08","guid":{"rendered":"https:\/\/www.patientenbeteiligung.de\/nrw\/?post_type=tribe_events&#038;p=6927"},"modified":"2025-12-05T08:17:04","modified_gmt":"2025-12-05T07:17:04","slug":"polit-talks-mit-den-gesundheitspolitischen-sprecherinnen-von-spd-gruene-und-fdp","status":"publish","type":"tribe_events","link":"https:\/\/www.patientenbeteiligung.de\/nrw\/termin\/polit-talks-mit-den-gesundheitspolitischen-sprecherinnen-von-spd-gruene-und-fdp\/","title":{"rendered":"Polit-Talks mit den gesundheitspolitischen Sprecher*innen von SPD, GR\u00dcNE und FDP"},"content":{"rendered":"<p><em>Ihr k\u00f6nnt euch weiter unten zur Veranstaltung anmelden.<\/em><\/p>\n<p>Ihr wolltet euch schon immer mal direkt mit Politiker*innen \u00fcber gesundheitspolitische Themen austauschen? Dann nutzt die Chance!<\/p>\n<p>Im Rahmen unseres neuen digitalen Talk-Formats laden wir in diesem Jahr die gesundheitspolitischen Sprecher*innen der Landtagsfraktionen von SPD, GR\u00dcNE und FDP zu separaten Gespr\u00e4chsterminen ein. Die eingeladenen Politiker*innen konnten sich im Vorfeld f\u00fcr ein Schwerpunktthema entscheiden. Inhaltliche Grundlage f\u00fcr die Auswahl ist das vor kurzem ver\u00f6ffentlichte gesundheitspolitische <a href=\"https:\/\/www.patientenbeteiligung.de\/nrw\/2025\/07\/23\/eckpunktepapier-patientenorientierung-im-gesundheitswesen\/\" target=\"_blank\" rel=\"noopener\">Eckpunktepapier<\/a> von PatientenInnen-Netzwerk NRW und Koordinierungsausschuss der Patientenorganisationen in NRW.<\/p>\n<p>Ihr habt die M\u00f6glichkeit, mit den Politiker*innen eure Ideen f\u00fcr das Gesundheitswesen zu diskutieren. Eure Fragen k\u00f6nnt ihr bereits bei der Anmeldung hinterlegen, damit wir diese in das moderierte Gespr\u00e4ch einbinden k\u00f6nnen. Erg\u00e4nzend gibt es eine offene Diskussionsrunde, in der wir uns \u00fcber eure Beitr\u00e4ge freuen!<\/p>\n<p><strong>Termine, G\u00e4ste und Themen:<\/strong><\/p>\n<ul>\n<li>ABGESAGT: 04.11.25, 14:00-15:00 Uhr, Susanne Schneider (FDP): Digitalisierung im Gesundheitswesen<\/li>\n<li>13.11.25, 16:00-17:00 Uhr, Meral Thoms (GR\u00dcNE): Chancengleichheit im Gesundheitswesen f\u00f6rdern<\/li>\n<li>11.12.25, 15:00-16:00 Uhr, Thorsten Klute (SPD): Krisenresilienz im Gesundheitswesen<\/li>\n<\/ul>\n<p>Weitere Infos k\u00f6nnt ihr der <a href=\"https:\/\/www.patientenbeteiligung.de\/nrw\/wp-content\/uploads\/sites\/12\/2025\/09\/Einladung-Polit-Talks-Patientenbeteiligung-NRW.pdf\" target=\"_blank\" rel=\"noopener\">Einladung<\/a> entnehmen. Eine barrierearme Variante findet ihr <a href=\"https:\/\/www.patientenbeteiligung.de\/nrw\/wp-content\/uploads\/sites\/12\/2025\/09\/Einladung-Polit-Talks-Patientenbeteiligung-NRW_barrierearm.pdf\" target=\"_blank\" rel=\"noopener\">hier<\/a>.<\/p>\n<noscript class=\"ninja-forms-noscript-message\">\n\tHinweis: F\u00fcr diesen Inhalt ist JavaScript erforderlich.<\/noscript>\n<div id=\"nf-form-13-cont\" class=\"nf-form-cont\" aria-live=\"polite\" aria-labelledby=\"nf-form-title-13\" aria-describedby=\"nf-form-errors-13\" role=\"form\">\n\n    <div class=\"nf-loading-spinner\"><\/div>\n\n<\/div>\n        <!-- That data is being printed as a workaround to page builders reordering the order of the scripts loaded-->\n        <script>var formDisplay=1;var nfForms=nfForms||[];var form=[];form.id='13';form.settings={\"objectType\":\"Form Setting\",\"editActive\":true,\"title\":\"Anmeldung Polit-Talks\",\"created_at\":\"2025-09-29 08:04:18\",\"default_label_pos\":\"above\",\"show_title\":\"1\",\"clear_complete\":\"1\",\"hide_complete\":\"1\",\"logged_in\":\"0\",\"key\":\"\",\"wrapper_class\":\"\",\"element_class\":\"\",\"add_submit\":\"0\",\"not_logged_in_msg\":\"\",\"sub_limit_number\":\"\",\"sub_limit_msg\":\"\",\"calculations\":[],\"formContentData\":[\"anmeldung_digitale_patientenforen_1754048257683\",\"an_welchen_terminen_nimmst_du_teil_1759221105846\",\"deine_fragen_an_susanne_schneider_fdp_zur_digitalisierung_im_gesundheitswesen_1759133943359\",\"deine_fragen_an_meral_thoms_gruene_zur_foerderung_von_chancengleichheit_im_gesundheitswesen_1759133983477\",\"deine_fragen_an_thorsten_klute_spd_zur_krisenresilienz_im_gesundheitswesen_1759134011939\",\"hr\",\"nachname_1759240571997\",\"vorname_1743087956533\",\"email\",\"telefonnummer_1685097166426\",\"ich_engagiere_mich_bereits_in_folgender_organisation_folgendem_gremium_1743575499096\",\"ich_benoetige_1743087991290\",\"hr_1\",\"foto-_video-_audiomitschnitte_1711025823804\",\"datenschutz_1685097783937\",\"anmelden_1685097810437\"],\"currency\":\"\",\"unique_field_error\":\"A form with this value has already been submitted.\",\"form_title_heading_level\":\"3\",\"changeEmailErrorMsg\":\"Bitte gib eine g\\u00fcltige E-Mail-Adresse ein.\",\"changeDateErrorMsg\":\"Bitte gib ein g\\u00fcltiges Datum ein!\",\"confirmFieldErrorMsg\":\"Diese Felder m\\u00fcssen \\u00fcbereinstimmen!\",\"fieldNumberNumMinError\":\"Die eingegebene Zahl ist zu klein.\",\"fieldNumberNumMaxError\":\"Die eingegebene Zahl ist zu gross.\",\"fieldNumberIncrementBy\":\"Bitte erh\\u00f6hen in Schritten von\",\"formErrorsCorrectErrors\":\"Bitte korrigiere die Fehler, bevor du das Formular sendest.\",\"validateRequiredField\":\"Dies ist ein Pflichtfeld.\",\"honeypotHoneypotError\":\"Honeypot-Fehler\",\"fieldsMarkedRequired\":\"Felder mit einem Sternchen m\\u00fcssen ausgef\\u00fcllt werden.\",\"drawerDisabled\":false,\"objectDomain\":\"display\",\"allow_public_link\":0,\"embed_form\":\"\",\"ninjaForms\":\"Ninja Forms\",\"fieldTextareaRTEInsertLink\":\"Link einf\\u00fcgen\",\"fieldTextareaRTEInsertMedia\":\"Medien einf\\u00fcgen\",\"fieldTextareaRTESelectAFile\":\"Eine Datei ausw\\u00e4hlen\",\"formHoneypot\":\"Falls du ein Mensch bist und dieses Feld siehst, dann lasse es bitte leer.\",\"fileUploadOldCodeFileUploadInProgress\":\"Datei-Upload l\\u00e4uft.\",\"fileUploadOldCodeFileUpload\":\"DATEI-UPLOAD\",\"currencySymbol\":false,\"thousands_sep\":\".\",\"decimal_point\":\",\",\"siteLocale\":\"de_DE\",\"dateFormat\":\"m\\\/d\\\/Y\",\"startOfWeek\":\"1\",\"of\":\"von\",\"previousMonth\":\"Vorheriger Monat\",\"nextMonth\":\"N\\u00e4chster Monat\",\"months\":[\"Januar\",\"Februar\",\"M\\u00e4rz\",\"April\",\"Mai\",\"Juni\",\"Juli\",\"August\",\"September\",\"Oktober\",\"November\",\"Dezember\"],\"monthsShort\":[\"Jan\",\"Feb\",\"Mrz\",\"Apr\",\"Mai\",\"Jun\",\"Jul\",\"Aug\",\"Sep\",\"Okt\",\"Nov\",\"Dez\"],\"weekdays\":[\"Sonntag\",\"Montag\",\"Dienstag\",\"Mittwoch\",\"Donnerstag\",\"Freitag\",\"Samstag\"],\"weekdaysShort\":[\"So\",\"Mo\",\"Die\",\"Mi\",\"Do\",\"Fr\",\"Sa\"],\"weekdaysMin\":[\"So\",\"Mo\",\"Di\",\"Mi\",\"Do\",\"Fr\",\"Sa\"],\"recaptchaConsentMissing\":\"reCaptcha validation couldn&#039;t load.\",\"recaptchaMissingCookie\":\"reCaptcha v3 validation couldn&#039;t load the cookie needed to submit the form.\",\"recaptchaConsentEvent\":\"Accept reCaptcha cookies before sending the form.\",\"currency_symbol\":\"\",\"beforeForm\":\"\",\"beforeFields\":\"\",\"afterFields\":\"\",\"afterForm\":\"\"};form.fields=[{\"objectType\":\"Field\",\"objectDomain\":\"fields\",\"editActive\":false,\"order\":1,\"idAttribute\":\"id\",\"label\":\"Anmeldung \\\"Digitale Patientenforen\\\"\",\"key\":\"anmeldung_digitale_patientenforen_1754048257683\",\"type\":\"html\",\"created_at\":\"2016-08-28 16:16:05\",\"default\":\"<p><br><\\\/p>\",\"container_class\":\"\",\"element_class\":\"\",\"field_label\":\"Anmeldung \\\"Digitale Patientenforen\\\"\",\"field_key\":\"anmeldung_digitale_patientenforen_1754048257683\",\"drawerDisabled\":\"\",\"admin_label\":\"\",\"id\":157,\"beforeField\":\"\",\"afterField\":\"\",\"value\":\"<p><br><\\\/p>\",\"label_pos\":\"above\",\"parentType\":\"html\",\"element_templates\":[\"html\",\"input\"],\"old_classname\":\"\",\"wrap_template\":\"wrap\"},{\"objectType\":\"Field\",\"objectDomain\":\"fields\",\"editActive\":false,\"order\":2,\"idAttribute\":\"id\",\"label\":\"An welchen Terminen nimmst du teil?\",\"type\":\"listcheckbox\",\"key\":\"an_welchen_terminen_nimmst_du_teil_1759221105846\",\"label_pos\":\"above\",\"required\":1,\"options\":[{\"errors\":[],\"max_options\":0,\"label\":\"13.11., 16:00 Uhr mit Meral Thoms (GR\\u00dcNE): Chancengleichheit im Gesundheitswesen f\\u00f6rdern\",\"value\":\"13-11-16-00-uhr-mit-meral-thoms-gruene-chancengleichheit-im-gesundheitswesen-foerdern\",\"calc\":\"\",\"selected\":0,\"order\":1,\"settingModel\":{\"settings\":false,\"hide_merge_tags\":false,\"error\":false,\"name\":\"options\",\"type\":\"option-repeater\",\"label\":\"Optionen <a href=\\\"#\\\" class=\\\"nf-add-new\\\">Erstellen<\\\/a> <a href=\\\"#\\\" class=\\\"extra nf-open-import-tooltip\\\"><i class=\\\"fa fa-sign-in\\\" aria-hidden=\\\"true\\\"><\\\/i> Importieren<\\\/a>\",\"width\":\"full\",\"group\":\"\",\"value\":[{\"label\":\"Eins\",\"value\":\"eins\",\"calc\":\"\",\"selected\":0,\"order\":0},{\"label\":\"Zwei\",\"value\":\"zwei\",\"calc\":\"\",\"selected\":0,\"order\":1},{\"label\":\"Drei\",\"value\":\"drei\",\"calc\":\"\",\"selected\":0,\"order\":2}],\"columns\":{\"label\":{\"header\":\"Beschriftung\",\"default\":\"\"},\"value\":{\"header\":\"Wert\",\"default\":\"\"},\"calc\":{\"header\":\"Berechneter Wert\",\"default\":\"\"},\"selected\":{\"header\":\"<span class=\\\"dashicons dashicons-yes\\\"><\\\/span>\",\"default\":0}}}},{\"errors\":[],\"max_options\":0,\"label\":\"11.12., 15:00 Uhr mit Thorsten Klute (SPD): Krisenresilienz im Gesundheitswesen\",\"value\":\"11-12-15-00-uhr-mit-thorsten-klute-spd-krisenresilienz-im-gesundheitswesen\",\"calc\":\"\",\"selected\":0,\"order\":2,\"settingModel\":{\"settings\":false,\"hide_merge_tags\":false,\"error\":false,\"name\":\"options\",\"type\":\"option-repeater\",\"label\":\"Optionen <a href=\\\"#\\\" class=\\\"nf-add-new\\\">Erstellen<\\\/a> <a href=\\\"#\\\" class=\\\"extra nf-open-import-tooltip\\\"><i class=\\\"fa fa-sign-in\\\" aria-hidden=\\\"true\\\"><\\\/i> Importieren<\\\/a>\",\"width\":\"full\",\"group\":\"\",\"value\":[{\"label\":\"Eins\",\"value\":\"eins\",\"calc\":\"\",\"selected\":0,\"order\":0},{\"label\":\"Zwei\",\"value\":\"zwei\",\"calc\":\"\",\"selected\":0,\"order\":1},{\"label\":\"Drei\",\"value\":\"drei\",\"calc\":\"\",\"selected\":0,\"order\":2}],\"columns\":{\"label\":{\"header\":\"Beschriftung\",\"default\":\"\"},\"value\":{\"header\":\"Wert\",\"default\":\"\"},\"calc\":{\"header\":\"Berechneter Wert\",\"default\":\"\"},\"selected\":{\"header\":\"<span class=\\\"dashicons dashicons-yes\\\"><\\\/span>\",\"default\":0}}}}],\"container_class\":\"\",\"element_class\":\"\",\"admin_label\":\"\",\"help_text\":\"<p><br><\\\/p>\",\"desc_text\":\"<p><span id=\\\"nf-drawer-content\\\"><span class=\\\"nf-setting-groups\\\"><span class=\\\"nf-field-settings\\\"><span class=\\\"nf-field-sub-settings\\\">Du kannst mehrere Termine ausw\\u00e4hlen. Die Termine finden jeweils f\\u00fcr eine Stunde statt.<\\\/span><\\\/span><\\\/span><\\\/span><\\\/p><p><span id=\\\"nf-drawer-content\\\"><span class=\\\"nf-setting-groups\\\"><span class=\\\"nf-field-settings\\\"><span class=\\\"nf-field-sub-settings\\\"><b>Der Termin mit Susanne Schneider muss leider aufgrund einer Terminkollision von Frau Schneider entfallen. Wir bem\\u00fchen uns derzeit um einen Alternativtermin.<\\\/b><br><\\\/span><\\\/span><\\\/span><\\\/span><br><\\\/p>\",\"drawerDisabled\":false,\"id\":175,\"beforeField\":\"\",\"afterField\":\"\",\"value\":\"\",\"parentType\":\"list\",\"element_templates\":[\"listcheckbox\",\"input\"],\"old_classname\":\"list-checkbox\",\"wrap_template\":\"wrap\"},{\"objectType\":\"Field\",\"objectDomain\":\"fields\",\"editActive\":false,\"order\":3,\"idAttribute\":\"id\",\"label\":\"Deine Fragen an Susanne Schneider (FDP) zur Digitalisierung im Gesundheitswesen\",\"type\":\"textarea\",\"key\":\"deine_fragen_an_susanne_schneider_fdp_zur_digitalisierung_im_gesundheitswesen_1759133943359\",\"label_pos\":\"above\",\"required\":false,\"default\":\" \",\"placeholder\":\"\",\"container_class\":\"\",\"element_class\":\"\",\"input_limit\":\"\",\"input_limit_type\":\"characters\",\"input_limit_msg\":\"verbleibende(s) Zeichen\",\"manual_key\":false,\"admin_label\":\"\",\"help_text\":\"<br>\",\"desc_text\":\"<p>Wir sammeln im Vorfeld Fragen, um diese im Polit-Talk einzubinden. Die Fragen werden anonymisiert gestellt.<br><\\\/p>\",\"textarea_rte\":\"\",\"disable_rte_mobile\":\"\",\"textarea_media\":\"\",\"value\":\" \",\"drawerDisabled\":false,\"id\":172,\"beforeField\":\"\",\"afterField\":\"\",\"parentType\":\"textarea\",\"element_templates\":[\"textarea\",\"input\"],\"old_classname\":\"\",\"wrap_template\":\"wrap\"},{\"objectType\":\"Field\",\"objectDomain\":\"fields\",\"editActive\":false,\"order\":4,\"idAttribute\":\"id\",\"label\":\"Deine Fragen an Meral Thoms (GR\\u00dcNE) zur F\\u00f6rderung von Chancengleichheit im Gesundheitswesen\",\"type\":\"textarea\",\"key\":\"deine_fragen_an_meral_thoms_gruene_zur_foerderung_von_chancengleichheit_im_gesundheitswesen_1759133983477\",\"label_pos\":\"above\",\"required\":false,\"default\":\"\",\"placeholder\":\"\",\"container_class\":\"\",\"element_class\":\"\",\"input_limit\":\"\",\"input_limit_type\":\"characters\",\"input_limit_msg\":\"verbleibende(s) Zeichen\",\"manual_key\":false,\"admin_label\":\"\",\"help_text\":\"\",\"desc_text\":\"<p><span id=\\\"nf-drawer-content\\\"><span class=\\\"nf-setting-groups\\\"><span class=\\\"nf-field-settings\\\"><span class=\\\"nf-field-sub-settings\\\">Wir sammeln im Vorfeld Fragen, um diese im Polit-Talk einzubinden. Die Fragen werden anonymisiert gestellt.<\\\/span><\\\/span><\\\/span><\\\/span><\\\/p>\",\"textarea_rte\":\"\",\"disable_rte_mobile\":\"\",\"textarea_media\":\"\",\"value\":\"\",\"drawerDisabled\":false,\"id\":173,\"beforeField\":\"\",\"afterField\":\"\",\"parentType\":\"textarea\",\"element_templates\":[\"textarea\",\"input\"],\"old_classname\":\"\",\"wrap_template\":\"wrap\"},{\"objectType\":\"Field\",\"objectDomain\":\"fields\",\"editActive\":false,\"order\":5,\"idAttribute\":\"id\",\"label\":\"Deine Fragen an Thorsten Klute (SPD) zur Krisenresilienz im Gesundheitswesen\",\"type\":\"textarea\",\"key\":\"deine_fragen_an_thorsten_klute_spd_zur_krisenresilienz_im_gesundheitswesen_1759134011939\",\"label_pos\":\"above\",\"required\":false,\"default\":\"\",\"placeholder\":\"\",\"container_class\":\"\",\"element_class\":\"\",\"input_limit\":\"\",\"input_limit_type\":\"characters\",\"input_limit_msg\":\"verbleibende(s) Zeichen\",\"manual_key\":false,\"admin_label\":\"\",\"help_text\":\"\",\"desc_text\":\"<p><span id=\\\"nf-drawer-content\\\"><span class=\\\"nf-setting-groups\\\"><span class=\\\"nf-field-settings\\\"><span class=\\\"nf-field-sub-settings\\\">Wir sammeln im Vorfeld Fragen, um diese im Polit-Talk einzubinden. Die Fragen werden anonymisiert gestellt.<\\\/span><\\\/span><\\\/span><\\\/span><\\\/p>\",\"textarea_rte\":\"\",\"disable_rte_mobile\":\"\",\"textarea_media\":\"\",\"value\":\"\",\"drawerDisabled\":false,\"id\":174,\"beforeField\":\"\",\"afterField\":\"\",\"parentType\":\"textarea\",\"element_templates\":[\"textarea\",\"input\"],\"old_classname\":\"\",\"wrap_template\":\"wrap\"},{\"objectType\":\"Field\",\"objectDomain\":\"fields\",\"editActive\":false,\"order\":6,\"idAttribute\":\"id\",\"label\":\"Divider\",\"key\":\"hr\",\"type\":\"hr\",\"created_at\":\"2016-08-28 16:16:05\",\"container_class\":\"\",\"element_class\":\"\",\"field_label\":\"Divider\",\"field_key\":\"hr\",\"admin_label\":\"\",\"id\":159,\"beforeField\":\"\",\"afterField\":\"\",\"value\":\"\",\"label_pos\":\"above\",\"parentType\":\"hr\",\"element_templates\":[\"hr\",\"input\"],\"old_classname\":\"\",\"wrap_template\":\"wrap\"},{\"objectType\":\"Field\",\"objectDomain\":\"fields\",\"editActive\":false,\"order\":7,\"idAttribute\":\"id\",\"label\":\"Nachname\",\"type\":\"lastname\",\"key\":\"nachname_1759240571997\",\"label_pos\":\"above\",\"required\":1,\"default\":\"\",\"placeholder\":\"\",\"container_class\":\"\",\"element_class\":\"\",\"admin_label\":\"\",\"help_text\":\"\",\"custom_name_attribute\":\"lname\",\"personally_identifiable\":1,\"value\":\"\",\"drawerDisabled\":false,\"id\":176,\"beforeField\":\"\",\"afterField\":\"\",\"parentType\":\"lastname\",\"element_templates\":[\"lastname\",\"input\"],\"old_classname\":\"\",\"wrap_template\":\"wrap\"},{\"objectType\":\"Field\",\"objectDomain\":\"fields\",\"editActive\":false,\"order\":9,\"idAttribute\":\"id\",\"label\":\"Vorname\",\"key\":\"vorname_1743087956533\",\"type\":\"firstname\",\"created_at\":\"2016-08-28 16:16:05\",\"label_pos\":\"above\",\"required\":1,\"default\":\"\",\"placeholder\":\"\",\"container_class\":\"one-half first\",\"element_class\":\"\",\"admin_label\":\"\",\"help_text\":\"\",\"desc_text\":\"\",\"field_label\":\"Vorname\",\"field_key\":\"vorname_1743087956533\",\"custom_name_attribute\":\"fname\",\"personally_identifiable\":1,\"value\":\"\",\"drawerDisabled\":\"\",\"id\":170,\"beforeField\":\"\",\"afterField\":\"\",\"parentType\":\"firstname\",\"element_templates\":[\"firstname\",\"input\"],\"old_classname\":\"\",\"wrap_template\":\"wrap\"},{\"objectType\":\"Field\",\"objectDomain\":\"fields\",\"editActive\":false,\"order\":10,\"idAttribute\":\"id\",\"label\":\"Email\",\"key\":\"email\",\"type\":\"email\",\"created_at\":\"2016-08-28 16:16:05\",\"label_pos\":\"above\",\"required\":1,\"default\":\"\",\"placeholder\":\"\",\"container_class\":\"one-half first\",\"element_class\":\"\",\"admin_label\":\"\",\"help_text\":\"\",\"desc_text\":\"\",\"field_label\":\"Email\",\"field_key\":\"email\",\"custom_name_attribute\":\"email\",\"personally_identifiable\":1,\"value\":\"\",\"id\":161,\"beforeField\":\"\",\"afterField\":\"\",\"parentType\":\"email\",\"element_templates\":[\"email\",\"input\"],\"old_classname\":\"\",\"wrap_template\":\"wrap\"},{\"objectType\":\"Field\",\"objectDomain\":\"fields\",\"editActive\":false,\"order\":11,\"idAttribute\":\"id\",\"label\":\"Telefonnummer\",\"key\":\"telefonnummer_1685097166426\",\"type\":\"textbox\",\"created_at\":\"2016-08-28 16:16:05\",\"label_pos\":\"above\",\"required\":0,\"placeholder\":\"\",\"default\":\"\",\"container_class\":\"one-half\",\"element_class\":\"\",\"input_limit\":\"\",\"input_limit_type\":\"characters\",\"input_limit_msg\":\"Character(s) left\",\"manual_key\":\"\",\"disable_input\":\"\",\"admin_label\":\"\",\"help_text\":\"\",\"desc_text\":\"\",\"disable_browser_autocomplete\":\"\",\"mask\":\"\",\"custom_mask\":\"\",\"field_label\":\"Telefonnummer\",\"field_key\":\"telefonnummer_1685097166426\",\"custom_name_attribute\":\"\",\"personally_identifiable\":\"\",\"value\":\"\",\"drawerDisabled\":\"\",\"id\":162,\"beforeField\":\"\",\"afterField\":\"\",\"parentType\":\"textbox\",\"element_templates\":[\"textbox\",\"input\"],\"old_classname\":\"\",\"wrap_template\":\"wrap\"},{\"objectType\":\"Field\",\"objectDomain\":\"fields\",\"editActive\":false,\"order\":12,\"idAttribute\":\"id\",\"type\":\"textbox\",\"label\":\"Ich engagiere mich bereits in folgender Organisation \\\/ folgendem Gremium\",\"key\":\"ich_engagiere_mich_bereits_in_folgender_organisation_folgendem_gremium_1743575499096\",\"label_pos\":\"above\",\"required\":0,\"default\":\"\",\"placeholder\":\"\",\"container_class\":\"\",\"element_class\":\"\",\"input_limit\":\"\",\"input_limit_type\":\"characters\",\"input_limit_msg\":\"Character(s) left\",\"manual_key\":\"\",\"admin_label\":\"\",\"help_text\":\"<p><br><\\\/p>\",\"mask\":\"\",\"custom_mask\":\"\",\"custom_name_attribute\":\"\",\"personally_identifiable\":\"\",\"value\":\"\",\"drawerDisabled\":\"\",\"field_label\":\"Ich engagiere mich bereits in folgender Organisation \\\/ folgendem Gremium\",\"field_key\":\"ich_engagiere_mich_bereits_in_folgender_organisation_folgendem_gremium_1743575499096\",\"desc_text\":\"<p><span id=\\\"nf-drawer-content\\\"><span class=\\\"nf-setting-groups\\\"><span class=\\\"nf-field-settings\\\"><span class=\\\"nf-field-sub-settings\\\">Die\\n Veranstaltung richtet sich insbesondere an interessierte Patient*innen und Engagierte aus Selbsthilfegruppen, \\nSenioren- , und Inklusionsvertretungen, Psychosozialen \\nArbeitsgemeinschaften, Sozialverb\\u00e4nden, an Patientenf\\u00fcrsprechende \\nsowie Mitarbeitende aus Patientenberatungsstellen und \\nSelbsthilfe-Kontaktstellen. Solltest du unsicher sein, ob du zur \\nZielgruppe der Veranstaltung geh\\u00f6rst, kannst du uns gerne \\nkontaktieren.&nbsp;<\\\/span><\\\/span><\\\/span><\\\/span><br><\\\/p>\",\"id\":163,\"beforeField\":\"\",\"afterField\":\"\",\"parentType\":\"textbox\",\"element_templates\":[\"textbox\",\"input\"],\"old_classname\":\"\",\"wrap_template\":\"wrap\"},{\"objectType\":\"Field\",\"objectDomain\":\"fields\",\"editActive\":false,\"order\":13,\"idAttribute\":\"id\",\"type\":\"textarea\",\"label\":\"Ich ben\\u00f6tige...\",\"key\":\"ich_benoetige_1743087991290\",\"label_pos\":\"above\",\"required\":\"\",\"default\":\"\",\"placeholder\":\"\",\"container_class\":\"\",\"element_class\":\"\",\"input_limit\":\"\",\"input_limit_type\":\"characters\",\"input_limit_msg\":\"Character(s) left\",\"manual_key\":\"\",\"admin_label\":\"\",\"help_text\":\"\",\"textarea_rte\":\"\",\"disable_rte_mobile\":\"\",\"textarea_media\":\"\",\"value\":\"\",\"drawerDisabled\":\"\",\"field_label\":\"Ich ben\\u00f6tige...\",\"field_key\":\"ich_benoetige_1743087991290\",\"desc_text\":\"<p><span id=\\\"nf-drawer-content\\\"><span class=\\\"nf-setting-groups\\\"><span class=\\\"nf-field-settings\\\"><span class=\\\"nf-field-sub-settings\\\">Hier\\n kannst du uns Bedarfe zur Barrierefreiheit mitteilen. Wir bem\\u00fchen uns diesen nachzukommen und melden uns ggf. im \\nRahmen der Planung nochmals bei dir.<\\\/span><\\\/span><\\\/span><\\\/span><\\\/p>\",\"id\":164,\"beforeField\":\"\",\"afterField\":\"\",\"parentType\":\"textarea\",\"element_templates\":[\"textarea\",\"input\"],\"old_classname\":\"\",\"wrap_template\":\"wrap\"},{\"objectType\":\"Field\",\"objectDomain\":\"fields\",\"editActive\":false,\"order\":14,\"idAttribute\":\"id\",\"label\":\"Divider\",\"key\":\"hr_1\",\"type\":\"hr\",\"created_at\":\"2016-08-28 16:16:05\",\"container_class\":\"\",\"element_class\":\"\",\"field_label\":\"Divider\",\"field_key\":\"hr_1\",\"admin_label\":\"\",\"id\":166,\"beforeField\":\"\",\"afterField\":\"\",\"value\":\"\",\"label_pos\":\"above\",\"parentType\":\"hr\",\"element_templates\":[\"hr\",\"input\"],\"old_classname\":\"\",\"wrap_template\":\"wrap\"},{\"objectType\":\"Field\",\"objectDomain\":\"fields\",\"editActive\":false,\"order\":15,\"idAttribute\":\"id\",\"type\":\"listselect\",\"label\":\"Foto-\\\/Video-\\\/Audiomitschnitte\",\"key\":\"foto-_video-_audiomitschnitte_1711025823804\",\"label_pos\":\"above\",\"required\":1,\"options\":[{\"errors\":[],\"max_options\":\"0\",\"label\":\"\",\"value\":\"\",\"calc\":\"\",\"selected\":\"0\",\"order\":\"0\",\"settingModel\":{\"settings\":false,\"hide_merge_tags\":false,\"error\":false,\"name\":\"options\",\"type\":\"option-repeater\",\"label\":\"Optionen <a href=\\\"#\\\" class=\\\"nf-add-new\\\">Erstellen<\\\/a> <a href=\\\"#\\\" class=\\\"extra nf-open-import-tooltip\\\"><i class=\\\"fa fa-sign-in\\\" aria-hidden=\\\"true\\\"><\\\/i> Importieren<\\\/a>\",\"width\":\"full\",\"group\":\"\",\"value\":[{\"label\":\"Eins\",\"value\":\"eins\",\"calc\":\"\",\"selected\":0,\"order\":0},{\"label\":\"Zwei\",\"value\":\"zwei\",\"calc\":\"\",\"selected\":0,\"order\":1},{\"label\":\"Drei\",\"value\":\"drei\",\"calc\":\"\",\"selected\":0,\"order\":2}],\"columns\":{\"label\":{\"header\":\"Beschriftung\",\"default\":\"\"},\"value\":{\"header\":\"Wert\",\"default\":\"\"},\"calc\":{\"header\":\"Berechneter Wert\",\"default\":\"\"},\"selected\":{\"header\":\"<span class=\\\"dashicons dashicons-yes\\\"><\\\/span>\",\"default\":0}}}},{\"errors\":[],\"max_options\":\"0\",\"label\":\"Ich stimme nicht zu\",\"value\":\"ich-stimme-nicht-zu\",\"calc\":\"\",\"selected\":\"0\",\"order\":\"1\",\"settingModel\":{\"settings\":false,\"hide_merge_tags\":false,\"error\":false,\"name\":\"options\",\"type\":\"option-repeater\",\"label\":\"Optionen <a href=\\\"#\\\" class=\\\"nf-add-new\\\">Erstellen<\\\/a> <a href=\\\"#\\\" class=\\\"extra nf-open-import-tooltip\\\"><i class=\\\"fa fa-sign-in\\\" aria-hidden=\\\"true\\\"><\\\/i> Importieren<\\\/a>\",\"width\":\"full\",\"group\":\"\",\"value\":[{\"label\":\"Eins\",\"value\":\"eins\",\"calc\":\"\",\"selected\":0,\"order\":0},{\"label\":\"Zwei\",\"value\":\"zwei\",\"calc\":\"\",\"selected\":0,\"order\":1},{\"label\":\"Drei\",\"value\":\"drei\",\"calc\":\"\",\"selected\":0,\"order\":2}],\"columns\":{\"label\":{\"header\":\"Beschriftung\",\"default\":\"\"},\"value\":{\"header\":\"Wert\",\"default\":\"\"},\"calc\":{\"header\":\"Berechneter Wert\",\"default\":\"\"},\"selected\":{\"header\":\"<span class=\\\"dashicons dashicons-yes\\\"><\\\/span>\",\"default\":0}}}},{\"errors\":[],\"max_options\":\"0\",\"label\":\"Ich stimme zu\",\"value\":\"ich-stimme-zu\",\"calc\":\"\",\"selected\":\"0\",\"order\":\"2\",\"settingModel\":{\"settings\":false,\"hide_merge_tags\":false,\"error\":false,\"name\":\"options\",\"type\":\"option-repeater\",\"label\":\"Optionen <a href=\\\"#\\\" class=\\\"nf-add-new\\\">Erstellen<\\\/a> <a href=\\\"#\\\" class=\\\"extra nf-open-import-tooltip\\\"><i class=\\\"fa fa-sign-in\\\" aria-hidden=\\\"true\\\"><\\\/i> Importieren<\\\/a>\",\"width\":\"full\",\"group\":\"\",\"value\":[{\"label\":\"Eins\",\"value\":\"eins\",\"calc\":\"\",\"selected\":0,\"order\":0},{\"label\":\"Zwei\",\"value\":\"zwei\",\"calc\":\"\",\"selected\":0,\"order\":1},{\"label\":\"Drei\",\"value\":\"drei\",\"calc\":\"\",\"selected\":0,\"order\":2}],\"columns\":{\"label\":{\"header\":\"Beschriftung\",\"default\":\"\"},\"value\":{\"header\":\"Wert\",\"default\":\"\"},\"calc\":{\"header\":\"Berechneter Wert\",\"default\":\"\"},\"selected\":{\"header\":\"<span class=\\\"dashicons dashicons-yes\\\"><\\\/span>\",\"default\":0}}}}],\"container_class\":\"\",\"element_class\":\"\",\"admin_label\":\"\",\"help_text\":\"\",\"desc_text\":\"<p><span id=\\\"nf-drawer-content\\\"><span class=\\\"nf-setting-groups\\\"><span class=\\\"nf-field-settings\\\"><span class=\\\"nf-field-sub-settings\\\"><span id=\\\"nf-drawer-content\\\"><span class=\\\"nf-setting-groups\\\"><span class=\\\"nf-field-settings\\\"><span class=\\\"nf-field-sub-settings\\\"><span id=\\\"nf-drawer-content\\\"><span class=\\\"nf-setting-groups\\\"><span class=\\\"nf-field-settings\\\"><span class=\\\"nf-field-sub-settings\\\">Ich stimme zu, dass zum Zwecke der \\u00d6ffentlichkeitsarbeit der <br>\\nProjektstelle Fotos, Audio- und Videoaufnahmen von mir gemacht <br>\\nwerden d\\u00fcrfen. Die so gespeicherten Daten d\\u00fcrfen ausschlie\\u00dflich zu <br>\\nZwecken der Information und der Vernetzung der Patientenbeteiligung in <br>\\nNRW verwendet werden. <br><\\\/span><\\\/span><\\\/span><\\\/span><\\\/span><\\\/span><\\\/span><\\\/span><\\\/span><\\\/span><\\\/span><\\\/span><\\\/p>\",\"drawerDisabled\":\"\",\"field_label\":\"Foto-\\\/Video-\\\/Audiomitschnitte\",\"field_key\":\"foto-_video-_audiomitschnitte_1711025823804\",\"id\":167,\"beforeField\":\"\",\"afterField\":\"\",\"value\":\"\",\"parentType\":\"list\",\"element_templates\":[\"listselect\",\"input\"],\"old_classname\":\"list-select\",\"wrap_template\":\"wrap\"},{\"objectType\":\"Field\",\"objectDomain\":\"fields\",\"editActive\":false,\"order\":16,\"idAttribute\":\"id\",\"type\":\"checkbox\",\"label\":\"Datenschutz\",\"key\":\"datenschutz_1685097783937\",\"label_pos\":\"right\",\"required\":1,\"container_class\":\"\",\"element_class\":\"\",\"manual_key\":\"\",\"admin_label\":\"\",\"help_text\":\"\",\"desc_text\":\"<p><span id=\\\"nf-drawer-content\\\"><span class=\\\"nf-setting-groups\\\"><span class=\\\"nf-field-settings\\\"><span class=\\\"nf-field-sub-settings\\\">Hiermit\\n erkl\\u00e4re ich mich einverstanden, dass meine hier angegebenen Daten vom \\nProjekt Koordinierung und Vernetzung der Patientenbeteiligung (Projekt \\ndes gesundheitsladen k\\u00f6ln e.V., Steinkopfstr. 2, 51065 K\\u00f6ln, \\ndatenschutzrechtlich verantwortlich Gregor Bornes) gespeichert werden. \\nDie gespeicherten Daten d\\u00fcrfen ausschlie\\u00dflich zu Zwecken der Information\\n und der Vernetzung der Patientenbeteiligung in NRW verwendet werden. \\nEine Weitergabe an Dritte erfolgt nicht. Die Datenerfassung erfolgt im \\nRahmen der DSGVO. Sie k\\u00f6nnen jederzeit die L\\u00f6schung Ihrer Daten \\nbeantragen.<\\\/span><\\\/span><\\\/span><\\\/span><\\\/p>\",\"default_value\":\"unchecked\",\"checked_value\":\"Checked\",\"unchecked_value\":\"Unchecked\",\"checked_calc_value\":\"\",\"unchecked_calc_value\":\"\",\"drawerDisabled\":\"\",\"field_label\":\"Datenschutz\",\"field_key\":\"datenschutz_1685097783937\",\"default\":\"unchecked\",\"value\":\"unchecked\",\"id\":168,\"beforeField\":\"\",\"afterField\":\"\",\"parentType\":\"checkbox\",\"element_templates\":[\"checkbox\",\"input\"],\"old_classname\":\"\",\"wrap_template\":\"wrap\"},{\"objectType\":\"Field\",\"objectDomain\":\"fields\",\"editActive\":false,\"order\":17,\"idAttribute\":\"id\",\"label\":\"Anmelden\",\"key\":\"anmelden_1685097810437\",\"type\":\"submit\",\"created_at\":\"2016-08-28 16:16:05\",\"processing_label\":\"Processing\",\"container_class\":\"\",\"element_class\":\"\",\"field_label\":\"Anmelden\",\"field_key\":\"anmelden_1685097810437\",\"drawerDisabled\":\"\",\"admin_label\":\"\",\"id\":169,\"beforeField\":\"\",\"afterField\":\"\",\"value\":\"\",\"label_pos\":\"above\",\"parentType\":\"textbox\",\"element_templates\":[\"submit\",\"button\",\"input\"],\"old_classname\":\"\",\"wrap_template\":\"wrap-no-label\"}];nfForms.push(form);<\/script>\n        \n","protected":false},"excerpt":{"rendered":"<p>Im Rahmen unseres neuen digitalen Talk-Formats laden wir in diesem Jahr die gesundheitspolitischen Sprecher*innen der Landtagsfraktionen von SPD, GR\u00dcNE und FDP zu separaten digitalen Gespr\u00e4chsterminen ein.<\/p>\n","protected":false},"author":15,"featured_media":6930,"template":"","meta":{"_acf_changed":false,"_tribe_events_status":"","_tribe_events_status_reason":"","footnotes":""},"tags":[],"tribe_events_cat":[],"class_list":["post-6927","tribe_events","type-tribe_events","status-publish","has-post-thumbnail","hentry"],"acf":[],"yoast_head":"<!-- This site is optimized with the Yoast SEO plugin v24.9 - https:\/\/yoast.com\/wordpress\/plugins\/seo\/ -->\n<title>Polit-Talks mit den gesundheitspolitischen Sprecher*innen von SPD, GR\u00dcNE und FDP - Patientenbeteiligung NRW<\/title>\n<meta name=\"robots\" content=\"index, follow, max-snippet:-1, max-image-preview:large, max-video-preview:-1\" \/>\n<link rel=\"canonical\" href=\"https:\/\/www.patientenbeteiligung.de\/nrw\/termin\/polit-talks-mit-den-gesundheitspolitischen-sprecherinnen-von-spd-gruene-und-fdp\/\" \/>\n<meta property=\"og:locale\" content=\"de_DE\" \/>\n<meta property=\"og:type\" content=\"article\" \/>\n<meta property=\"og:title\" content=\"Polit-Talks mit den gesundheitspolitischen Sprecher*innen von SPD, GR\u00dcNE und FDP - Patientenbeteiligung NRW\" \/>\n<meta property=\"og:description\" content=\"Im Rahmen unseres neuen digitalen Talk-Formats laden wir in diesem Jahr die gesundheitspolitischen Sprecher*innen der Landtagsfraktionen von SPD, GR\u00dcNE und FDP zu separaten digitalen Gespr\u00e4chsterminen ein.\" \/>\n<meta property=\"og:url\" content=\"https:\/\/www.patientenbeteiligung.de\/nrw\/termin\/polit-talks-mit-den-gesundheitspolitischen-sprecherinnen-von-spd-gruene-und-fdp\/\" \/>\n<meta property=\"og:site_name\" content=\"Patientenbeteiligung NRW\" \/>\n<meta property=\"article:modified_time\" content=\"2025-12-05T07:17:04+00:00\" \/>\n<meta property=\"og:image\" content=\"https:\/\/www.patientenbeteiligung.de\/nrw\/wp-content\/uploads\/sites\/12\/2025\/09\/Foto-veranstaltung-2.png\" \/>\n\t<meta property=\"og:image:width\" content=\"2000\" \/>\n\t<meta property=\"og:image:height\" content=\"1125\" \/>\n\t<meta property=\"og:image:type\" content=\"image\/png\" \/>\n<meta name=\"twitter:card\" content=\"summary_large_image\" \/>\n<meta name=\"twitter:label1\" content=\"Gesch\u00e4tzte Lesezeit\" \/>\n\t<meta name=\"twitter:data1\" content=\"2\u00a0Minuten\" \/>\n<script type=\"application\/ld+json\" class=\"yoast-schema-graph\">{\"@context\":\"https:\/\/schema.org\",\"@graph\":[{\"@type\":\"WebPage\",\"@id\":\"https:\/\/www.patientenbeteiligung.de\/nrw\/termin\/polit-talks-mit-den-gesundheitspolitischen-sprecherinnen-von-spd-gruene-und-fdp\/\",\"url\":\"https:\/\/www.patientenbeteiligung.de\/nrw\/termin\/polit-talks-mit-den-gesundheitspolitischen-sprecherinnen-von-spd-gruene-und-fdp\/\",\"name\":\"Polit-Talks mit den gesundheitspolitischen Sprecher*innen von SPD, GR\u00dcNE und FDP - Patientenbeteiligung NRW\",\"isPartOf\":{\"@id\":\"https:\/\/www.patientenbeteiligung.de\/nrw\/#website\"},\"primaryImageOfPage\":{\"@id\":\"https:\/\/www.patientenbeteiligung.de\/nrw\/termin\/polit-talks-mit-den-gesundheitspolitischen-sprecherinnen-von-spd-gruene-und-fdp\/#primaryimage\"},\"image\":{\"@id\":\"https:\/\/www.patientenbeteiligung.de\/nrw\/termin\/polit-talks-mit-den-gesundheitspolitischen-sprecherinnen-von-spd-gruene-und-fdp\/#primaryimage\"},\"thumbnailUrl\":\"https:\/\/www.patientenbeteiligung.de\/nrw\/wp-content\/uploads\/sites\/12\/2025\/09\/Foto-veranstaltung-2.png\",\"datePublished\":\"2025-09-30T08:33:08+00:00\",\"dateModified\":\"2025-12-05T07:17:04+00:00\",\"breadcrumb\":{\"@id\":\"https:\/\/www.patientenbeteiligung.de\/nrw\/termin\/polit-talks-mit-den-gesundheitspolitischen-sprecherinnen-von-spd-gruene-und-fdp\/#breadcrumb\"},\"inLanguage\":\"de\",\"potentialAction\":[{\"@type\":\"ReadAction\",\"target\":[\"https:\/\/www.patientenbeteiligung.de\/nrw\/termin\/polit-talks-mit-den-gesundheitspolitischen-sprecherinnen-von-spd-gruene-und-fdp\/\"]}]},{\"@type\":\"ImageObject\",\"inLanguage\":\"de\",\"@id\":\"https:\/\/www.patientenbeteiligung.de\/nrw\/termin\/polit-talks-mit-den-gesundheitspolitischen-sprecherinnen-von-spd-gruene-und-fdp\/#primaryimage\",\"url\":\"https:\/\/www.patientenbeteiligung.de\/nrw\/wp-content\/uploads\/sites\/12\/2025\/09\/Foto-veranstaltung-2.png\",\"contentUrl\":\"https:\/\/www.patientenbeteiligung.de\/nrw\/wp-content\/uploads\/sites\/12\/2025\/09\/Foto-veranstaltung-2.png\",\"width\":2000,\"height\":1125,\"caption\":\"Polit-Talk \u00a9 Projektstelle Patientenbeteiligung NRW 2025\"},{\"@type\":\"BreadcrumbList\",\"@id\":\"https:\/\/www.patientenbeteiligung.de\/nrw\/termin\/polit-talks-mit-den-gesundheitspolitischen-sprecherinnen-von-spd-gruene-und-fdp\/#breadcrumb\",\"itemListElement\":[{\"@type\":\"ListItem\",\"position\":1,\"name\":\"Patientenbeteiligung\",\"item\":\"https:\/\/www.patientenbeteiligung.de\"},{\"@type\":\"ListItem\",\"position\":2,\"name\":\"Nordrhein-Westfalen\",\"item\":\"https:\/\/www.patientenbeteiligung.de\/nrw\/\"},{\"@type\":\"ListItem\",\"position\":3,\"name\":\"Veranstaltungen\",\"item\":\"https:\/\/www.patientenbeteiligung.de\/nrw\/termine\/\"},{\"@type\":\"ListItem\",\"position\":4,\"name\":\"Polit-Talks mit den gesundheitspolitischen Sprecher*innen von SPD, GR\u00dcNE und FDP\"}]},{\"@type\":\"WebSite\",\"@id\":\"https:\/\/www.patientenbeteiligung.de\/nrw\/#website\",\"url\":\"https:\/\/www.patientenbeteiligung.de\/nrw\/\",\"name\":\"Patientenbeteiligung NRW\",\"description\":\"\",\"potentialAction\":[{\"@type\":\"SearchAction\",\"target\":{\"@type\":\"EntryPoint\",\"urlTemplate\":\"https:\/\/www.patientenbeteiligung.de\/nrw\/?s={search_term_string}\"},\"query-input\":{\"@type\":\"PropertyValueSpecification\",\"valueRequired\":true,\"valueName\":\"search_term_string\"}}],\"inLanguage\":\"de\"}]}<\/script>\n<!-- \/ Yoast SEO plugin. -->","yoast_head_json":{"title":"Polit-Talks mit den gesundheitspolitischen Sprecher*innen von SPD, GR\u00dcNE und FDP - Patientenbeteiligung NRW","robots":{"index":"index","follow":"follow","max-snippet":"max-snippet:-1","max-image-preview":"max-image-preview:large","max-video-preview":"max-video-preview:-1"},"canonical":"https:\/\/www.patientenbeteiligung.de\/nrw\/termin\/polit-talks-mit-den-gesundheitspolitischen-sprecherinnen-von-spd-gruene-und-fdp\/","og_locale":"de_DE","og_type":"article","og_title":"Polit-Talks mit den gesundheitspolitischen Sprecher*innen von SPD, GR\u00dcNE und FDP - Patientenbeteiligung NRW","og_description":"Im Rahmen unseres neuen digitalen Talk-Formats laden wir in diesem Jahr die gesundheitspolitischen Sprecher*innen der Landtagsfraktionen von SPD, GR\u00dcNE und FDP zu separaten digitalen Gespr\u00e4chsterminen ein.","og_url":"https:\/\/www.patientenbeteiligung.de\/nrw\/termin\/polit-talks-mit-den-gesundheitspolitischen-sprecherinnen-von-spd-gruene-und-fdp\/","og_site_name":"Patientenbeteiligung NRW","article_modified_time":"2025-12-05T07:17:04+00:00","og_image":[{"width":2000,"height":1125,"url":"https:\/\/www.patientenbeteiligung.de\/nrw\/wp-content\/uploads\/sites\/12\/2025\/09\/Foto-veranstaltung-2.png","type":"image\/png"}],"twitter_card":"summary_large_image","twitter_misc":{"Gesch\u00e4tzte Lesezeit":"2\u00a0Minuten"},"schema":{"@context":"https:\/\/schema.org","@graph":[{"@type":"WebPage","@id":"https:\/\/www.patientenbeteiligung.de\/nrw\/termin\/polit-talks-mit-den-gesundheitspolitischen-sprecherinnen-von-spd-gruene-und-fdp\/","url":"https:\/\/www.patientenbeteiligung.de\/nrw\/termin\/polit-talks-mit-den-gesundheitspolitischen-sprecherinnen-von-spd-gruene-und-fdp\/","name":"Polit-Talks mit den gesundheitspolitischen Sprecher*innen von SPD, GR\u00dcNE und FDP - Patientenbeteiligung NRW","isPartOf":{"@id":"https:\/\/www.patientenbeteiligung.de\/nrw\/#website"},"primaryImageOfPage":{"@id":"https:\/\/www.patientenbeteiligung.de\/nrw\/termin\/polit-talks-mit-den-gesundheitspolitischen-sprecherinnen-von-spd-gruene-und-fdp\/#primaryimage"},"image":{"@id":"https:\/\/www.patientenbeteiligung.de\/nrw\/termin\/polit-talks-mit-den-gesundheitspolitischen-sprecherinnen-von-spd-gruene-und-fdp\/#primaryimage"},"thumbnailUrl":"https:\/\/www.patientenbeteiligung.de\/nrw\/wp-content\/uploads\/sites\/12\/2025\/09\/Foto-veranstaltung-2.png","datePublished":"2025-09-30T08:33:08+00:00","dateModified":"2025-12-05T07:17:04+00:00","breadcrumb":{"@id":"https:\/\/www.patientenbeteiligung.de\/nrw\/termin\/polit-talks-mit-den-gesundheitspolitischen-sprecherinnen-von-spd-gruene-und-fdp\/#breadcrumb"},"inLanguage":"de","potentialAction":[{"@type":"ReadAction","target":["https:\/\/www.patientenbeteiligung.de\/nrw\/termin\/polit-talks-mit-den-gesundheitspolitischen-sprecherinnen-von-spd-gruene-und-fdp\/"]}]},{"@type":"ImageObject","inLanguage":"de","@id":"https:\/\/www.patientenbeteiligung.de\/nrw\/termin\/polit-talks-mit-den-gesundheitspolitischen-sprecherinnen-von-spd-gruene-und-fdp\/#primaryimage","url":"https:\/\/www.patientenbeteiligung.de\/nrw\/wp-content\/uploads\/sites\/12\/2025\/09\/Foto-veranstaltung-2.png","contentUrl":"https:\/\/www.patientenbeteiligung.de\/nrw\/wp-content\/uploads\/sites\/12\/2025\/09\/Foto-veranstaltung-2.png","width":2000,"height":1125,"caption":"Polit-Talk \u00a9 Projektstelle Patientenbeteiligung NRW 2025"},{"@type":"BreadcrumbList","@id":"https:\/\/www.patientenbeteiligung.de\/nrw\/termin\/polit-talks-mit-den-gesundheitspolitischen-sprecherinnen-von-spd-gruene-und-fdp\/#breadcrumb","itemListElement":[{"@type":"ListItem","position":1,"name":"Patientenbeteiligung","item":"https:\/\/www.patientenbeteiligung.de"},{"@type":"ListItem","position":2,"name":"Nordrhein-Westfalen","item":"https:\/\/www.patientenbeteiligung.de\/nrw\/"},{"@type":"ListItem","position":3,"name":"Veranstaltungen","item":"https:\/\/www.patientenbeteiligung.de\/nrw\/termine\/"},{"@type":"ListItem","position":4,"name":"Polit-Talks mit den gesundheitspolitischen Sprecher*innen von SPD, GR\u00dcNE und FDP"}]},{"@type":"WebSite","@id":"https:\/\/www.patientenbeteiligung.de\/nrw\/#website","url":"https:\/\/www.patientenbeteiligung.de\/nrw\/","name":"Patientenbeteiligung NRW","description":"","potentialAction":[{"@type":"SearchAction","target":{"@type":"EntryPoint","urlTemplate":"https:\/\/www.patientenbeteiligung.de\/nrw\/?s={search_term_string}"},"query-input":{"@type":"PropertyValueSpecification","valueRequired":true,"valueName":"search_term_string"}}],"inLanguage":"de"}]}},"_links":{"self":[{"href":"https:\/\/www.patientenbeteiligung.de\/nrw\/wp-json\/wp\/v2\/tribe_events\/6927","targetHints":{"allow":["GET"]}}],"collection":[{"href":"https:\/\/www.patientenbeteiligung.de\/nrw\/wp-json\/wp\/v2\/tribe_events"}],"about":[{"href":"https:\/\/www.patientenbeteiligung.de\/nrw\/wp-json\/wp\/v2\/types\/tribe_events"}],"author":[{"embeddable":true,"href":"https:\/\/www.patientenbeteiligung.de\/nrw\/wp-json\/wp\/v2\/users\/15"}],"version-history":[{"count":4,"href":"https:\/\/www.patientenbeteiligung.de\/nrw\/wp-json\/wp\/v2\/tribe_events\/6927\/revisions"}],"predecessor-version":[{"id":7083,"href":"https:\/\/www.patientenbeteiligung.de\/nrw\/wp-json\/wp\/v2\/tribe_events\/6927\/revisions\/7083"}],"wp:featuredmedia":[{"embeddable":true,"href":"https:\/\/www.patientenbeteiligung.de\/nrw\/wp-json\/wp\/v2\/media\/6930"}],"wp:attachment":[{"href":"https:\/\/www.patientenbeteiligung.de\/nrw\/wp-json\/wp\/v2\/media?parent=6927"}],"wp:term":[{"taxonomy":"post_tag","embeddable":true,"href":"https:\/\/www.patientenbeteiligung.de\/nrw\/wp-json\/wp\/v2\/tags?post=6927"},{"taxonomy":"tribe_events_cat","embeddable":true,"href":"https:\/\/www.patientenbeteiligung.de\/nrw\/wp-json\/wp\/v2\/tribe_events_cat?post=6927"}],"curies":[{"name":"wp","href":"https:\/\/api.w.org\/{rel}","templated":true}]}}