{"id":6880,"date":"2025-09-17T10:48:36","date_gmt":"2025-09-17T08:48:36","guid":{"rendered":"https:\/\/www.patientenbeteiligung.de\/nrw\/?post_type=tribe_events&#038;p=6880"},"modified":"2025-09-19T16:45:15","modified_gmt":"2025-09-19T14:45:15","slug":"elektronische-patientenakte-mehr-patientenorientierung-bei-der-umsetzung-teil-i","status":"publish","type":"tribe_events","link":"https:\/\/www.patientenbeteiligung.de\/nrw\/termin\/elektronische-patientenakte-mehr-patientenorientierung-bei-der-umsetzung-teil-i\/","title":{"rendered":"Elektronische Patientenakte:  Mehr Patientenorientierung bei der Umsetzung (Teil I)"},"content":{"rendered":"<p><em>Anmeldungen zur Veranstaltung sind weiter unten m\u00f6glich.<\/em><\/p>\n<p>Seit dem 29. April ist die elektronische Patientenakte (ePA) bundesweit nutzbar. Ab dem 1. Oktober m\u00fcssen alle Leistungserbringer die Anwendung der ePA in ihren Einrichtungen verpflichtend umsetzen. Der Gesetzgeber erhofft sich von der fl\u00e4chendeckenden Einf\u00fchrung eine passgenauere Versorgung durch einen verbesserten Informationsfluss, die Vermeidung von Doppeluntersuchungen und die Nutzung von Daten f\u00fcr gemeinwohlorientierte Zwecke. Kritiker*innen monieren Datenschutzl\u00fccken, Zweifel an der N\u00fctzlichkeit f\u00fcr Patient*innen und \u00c4rzt*innen, die mangelnde Information der Patient*innen sowie die politische Absicht, die medizinischen Daten im Rahmen des Gesundheitsdatennutzungsgesetzes (GNDG) f\u00fcr Forschungszwecke auszuwerten.<\/p>\n<p>Im ersten Teil des diesj\u00e4hrigen Think-Tanks der Projektstelle Patientenbeteiligung NRW werden Grundlagen zur elektronischen Patientenakte f\u00fcr Engagierte aus Selbsthilfe, Patientenvertretung und Sozialverb\u00e4nden vermittelt. Gemeinsam m\u00f6chten wir er\u00f6rtern, wie die N\u00fctzlichkeit der ePA f\u00fcr Patient*innen bei der Umsetzung der ePA mitgedacht werden kann und wie Patient*innen hierbei mitwirken k\u00f6nnen.<\/p>\n<p>In einem zweiten Teil, der mit den Teilnehmenden des ersten Teils terminlich und inhaltlich abgestimmt wird, m\u00f6chten wir uns F\u00e4higkeiten erarbeiten, um bei der patientenorientierten Umsetzung der ePA selbst aktiv werden zu k\u00f6nnen.<\/p>\n<p>Die Einladung zur Veranstaltung ist <a href=\"https:\/\/www.patientenbeteiligung.de\/nrw\/wp-content\/uploads\/sites\/12\/2025\/09\/Einladung-Think-Tank-Elektronische-Patientenakte.pdf\" target=\"_blank\" rel=\"noopener\">hier<\/a> verlinkt. Eine barrierearme Variante findet ihr unter diesem <a href=\"https:\/\/www.patientenbeteiligung.de\/nrw\/wp-content\/uploads\/sites\/12\/2025\/09\/Einladung-Think-Tank-Elektronische-Patientenakte_barrierearm.pdf\" target=\"_blank\" rel=\"noopener\">Link<\/a>.<\/p>\n<noscript class=\"ninja-forms-noscript-message\">\n\tHinweis: F\u00fcr diesen Inhalt ist JavaScript erforderlich.<\/noscript>\n<div id=\"nf-form-10-cont\" class=\"nf-form-cont\" aria-live=\"polite\" aria-labelledby=\"nf-form-title-10\" aria-describedby=\"nf-form-errors-10\" role=\"form\">\n\n    <div class=\"nf-loading-spinner\"><\/div>\n\n<\/div>\n        <!-- That data is being printed as a workaround to page builders reordering the order of the scripts loaded-->\n        <script>var formDisplay=1;var nfForms=nfForms||[];var form=[];form.id='10';form.settings={\"objectType\":\"Form Setting\",\"editActive\":true,\"title\":\"Anmeldung Think Tank\",\"created_at\":\"2025-09-17 07:21:36\",\"default_label_pos\":\"above\",\"show_title\":\"1\",\"clear_complete\":\"1\",\"hide_complete\":\"1\",\"logged_in\":\"0\",\"key\":\"\",\"wrapper_class\":\"\",\"element_class\":\"\",\"add_submit\":\"0\",\"not_logged_in_msg\":\"\",\"sub_limit_number\":\"\",\"sub_limit_msg\":\"\",\"calculations\":[],\"formContentData\":[\"anmeldung_think_tank_1774343779455\",\"nachname_1743087952186\",\"vorname_1743087956533\",\"email\",\"telefonnummer_1685097166426\",\"engagiert_in_folgender_organisation_folgendem_gremium_1774343817955\",\"ich_benoetige_1743087991290\",\"ich_nehme_in_begleitung_einer_assistenz_teil_1687245760379\",\"hr_1\",\"fotos_video-_audiomitschnitte_1774343886160\",\"datenschutz_1685097783937\",\"anmelden_1685097810437\"],\"currency\":\"\",\"unique_field_error\":\"A form with this value has already been submitted.\",\"form_title_heading_level\":\"3\",\"changeEmailErrorMsg\":\"Bitte gib eine g\\u00fcltige E-Mail-Adresse ein.\",\"changeDateErrorMsg\":\"Bitte gib ein g\\u00fcltiges Datum ein!\",\"confirmFieldErrorMsg\":\"Diese Felder m\\u00fcssen \\u00fcbereinstimmen!\",\"fieldNumberNumMinError\":\"Die eingegebene Zahl ist zu klein.\",\"fieldNumberNumMaxError\":\"Die eingegebene Zahl ist zu gross.\",\"fieldNumberIncrementBy\":\"Bitte erh\\u00f6hen in Schritten von\",\"formErrorsCorrectErrors\":\"Bitte korrigiere die Fehler, bevor du das Formular sendest.\",\"validateRequiredField\":\"Dies ist ein Pflichtfeld.\",\"honeypotHoneypotError\":\"Honeypot-Fehler\",\"fieldsMarkedRequired\":\"Felder mit einem Sternchen m\\u00fcssen ausgef\\u00fcllt werden.\",\"drawerDisabled\":false,\"allow_public_link\":0,\"embed_form\":\"\",\"objectDomain\":\"display\",\"public_link\":\"https:\\\/\\\/www.patientenbeteiligung.de\\\/nrw\\\/ninja-forms\\\/10wq5r\",\"public_link_key\":\"10wq5r\",\"ninjaForms\":\"Ninja Forms\",\"fieldTextareaRTEInsertLink\":\"Link einf\\u00fcgen\",\"fieldTextareaRTEInsertMedia\":\"Medien einf\\u00fcgen\",\"fieldTextareaRTESelectAFile\":\"Eine Datei ausw\\u00e4hlen\",\"formHoneypot\":\"Falls du ein Mensch bist und dieses Feld siehst, dann lasse es bitte leer.\",\"fileUploadOldCodeFileUploadInProgress\":\"Datei-Upload l\\u00e4uft.\",\"fileUploadOldCodeFileUpload\":\"DATEI-UPLOAD\",\"currencySymbol\":false,\"thousands_sep\":\".\",\"decimal_point\":\",\",\"siteLocale\":\"de_DE\",\"dateFormat\":\"m\\\/d\\\/Y\",\"startOfWeek\":\"1\",\"of\":\"von\",\"previousMonth\":\"Vorheriger Monat\",\"nextMonth\":\"N\\u00e4chster Monat\",\"months\":[\"Januar\",\"Februar\",\"M\\u00e4rz\",\"April\",\"Mai\",\"Juni\",\"Juli\",\"August\",\"September\",\"Oktober\",\"November\",\"Dezember\"],\"monthsShort\":[\"Jan\",\"Feb\",\"Mrz\",\"Apr\",\"Mai\",\"Jun\",\"Jul\",\"Aug\",\"Sep\",\"Okt\",\"Nov\",\"Dez\"],\"weekdays\":[\"Sonntag\",\"Montag\",\"Dienstag\",\"Mittwoch\",\"Donnerstag\",\"Freitag\",\"Samstag\"],\"weekdaysShort\":[\"So\",\"Mo\",\"Die\",\"Mi\",\"Do\",\"Fr\",\"Sa\"],\"weekdaysMin\":[\"So\",\"Mo\",\"Di\",\"Mi\",\"Do\",\"Fr\",\"Sa\"],\"recaptchaConsentMissing\":\"reCaptcha validation couldn&#039;t load.\",\"recaptchaMissingCookie\":\"reCaptcha v3 validation couldn&#039;t load the cookie needed to submit the form.\",\"recaptchaConsentEvent\":\"Accept reCaptcha cookies before sending the form.\",\"currency_symbol\":\"\",\"beforeForm\":\"\",\"beforeFields\":\"\",\"afterFields\":\"\",\"afterForm\":\"\"};form.fields=[{\"objectType\":\"Field\",\"objectDomain\":\"fields\",\"editActive\":false,\"order\":1,\"idAttribute\":\"id\",\"label\":\"Anmeldung \\\"Think Tank\\\"\",\"key\":\"anmeldung_think_tank_1774343779455\",\"type\":\"html\",\"created_at\":\"2016-08-28 16:16:05\",\"default\":\"<p><br><\\\/p>\",\"container_class\":\"\",\"element_class\":\"\",\"field_label\":\"Anmeldung \\\"Regionale Patientenforen\\\"\",\"field_key\":\"anmeldung_regionale_patientenforen_1687768201471\",\"drawerDisabled\":false,\"admin_label\":\"\",\"id\":113,\"beforeField\":\"\",\"afterField\":\"\",\"value\":\"<p><br><\\\/p>\",\"label_pos\":\"above\",\"parentType\":\"html\",\"element_templates\":[\"html\",\"input\"],\"old_classname\":\"\",\"wrap_template\":\"wrap\"},{\"objectType\":\"Field\",\"objectDomain\":\"fields\",\"editActive\":false,\"order\":3,\"idAttribute\":\"id\",\"label\":\"Nachname\",\"key\":\"nachname_1743087952186\",\"type\":\"firstname\",\"created_at\":\"2016-08-28 16:16:05\",\"label_pos\":\"above\",\"required\":1,\"default\":\"\",\"placeholder\":\"\",\"container_class\":\"one-half first\",\"element_class\":\"\",\"admin_label\":\"\",\"help_text\":\"\",\"desc_text\":\"\",\"field_label\":\"Nachname\",\"field_key\":\"nachname_1743087952186\",\"custom_name_attribute\":\"fname\",\"personally_identifiable\":1,\"value\":\"\",\"drawerDisabled\":false,\"id\":116,\"beforeField\":\"\",\"afterField\":\"\",\"parentType\":\"firstname\",\"element_templates\":[\"firstname\",\"input\"],\"old_classname\":\"\",\"wrap_template\":\"wrap\"},{\"objectType\":\"Field\",\"objectDomain\":\"fields\",\"editActive\":false,\"order\":4,\"idAttribute\":\"id\",\"label\":\"Vorname\",\"key\":\"vorname_1743087956533\",\"type\":\"firstname\",\"created_at\":\"2016-08-28 16:16:05\",\"label_pos\":\"above\",\"required\":1,\"default\":\"\",\"placeholder\":\"\",\"container_class\":\"one-half first\",\"element_class\":\"\",\"admin_label\":\"\",\"help_text\":\"\",\"desc_text\":\"\",\"field_label\":\"Vorname\",\"field_key\":\"vorname_1743087956533\",\"custom_name_attribute\":\"fname\",\"personally_identifiable\":1,\"value\":\"\",\"drawerDisabled\":\"\",\"id\":126,\"beforeField\":\"\",\"afterField\":\"\",\"parentType\":\"firstname\",\"element_templates\":[\"firstname\",\"input\"],\"old_classname\":\"\",\"wrap_template\":\"wrap\"},{\"objectType\":\"Field\",\"objectDomain\":\"fields\",\"editActive\":false,\"order\":5,\"idAttribute\":\"id\",\"label\":\"Email\",\"key\":\"email\",\"type\":\"email\",\"created_at\":\"2016-08-28 16:16:05\",\"label_pos\":\"above\",\"required\":1,\"default\":\"\",\"placeholder\":\"\",\"container_class\":\"one-half first\",\"element_class\":\"\",\"admin_label\":\"\",\"help_text\":\"\",\"desc_text\":\"\",\"field_label\":\"Email\",\"field_key\":\"email\",\"custom_name_attribute\":\"email\",\"personally_identifiable\":1,\"value\":\"\",\"id\":117,\"beforeField\":\"\",\"afterField\":\"\",\"parentType\":\"email\",\"element_templates\":[\"email\",\"input\"],\"old_classname\":\"\",\"wrap_template\":\"wrap\"},{\"objectType\":\"Field\",\"objectDomain\":\"fields\",\"editActive\":false,\"order\":6,\"idAttribute\":\"id\",\"label\":\"Telefonnummer\",\"key\":\"telefonnummer_1685097166426\",\"type\":\"textbox\",\"created_at\":\"2016-08-28 16:16:05\",\"label_pos\":\"above\",\"required\":0,\"placeholder\":\"\",\"default\":\"\",\"container_class\":\"one-half\",\"element_class\":\"\",\"input_limit\":\"\",\"input_limit_type\":\"characters\",\"input_limit_msg\":\"Character(s) left\",\"manual_key\":\"\",\"disable_input\":\"\",\"admin_label\":\"\",\"help_text\":\"\",\"desc_text\":\"\",\"disable_browser_autocomplete\":\"\",\"mask\":\"\",\"custom_mask\":\"\",\"field_label\":\"Telefonnummer\",\"field_key\":\"telefonnummer_1685097166426\",\"custom_name_attribute\":\"\",\"personally_identifiable\":\"\",\"value\":\"\",\"drawerDisabled\":\"\",\"id\":118,\"beforeField\":\"\",\"afterField\":\"\",\"parentType\":\"textbox\",\"element_templates\":[\"textbox\",\"input\"],\"old_classname\":\"\",\"wrap_template\":\"wrap\"},{\"objectType\":\"Field\",\"objectDomain\":\"fields\",\"editActive\":false,\"order\":7,\"idAttribute\":\"id\",\"type\":\"textbox\",\"label\":\"Engagiert in folgender Organisation \\\/ folgendem Gremium\",\"key\":\"engagiert_in_folgender_organisation_folgendem_gremium_1774343817955\",\"label_pos\":\"above\",\"required\":0,\"default\":\"\",\"placeholder\":\"\",\"container_class\":\"\",\"element_class\":\"\",\"input_limit\":\"\",\"input_limit_type\":\"characters\",\"input_limit_msg\":\"Character(s) left\",\"manual_key\":\"\",\"admin_label\":\"\",\"help_text\":\"<p><br><\\\/p>\",\"mask\":\"\",\"custom_mask\":\"\",\"custom_name_attribute\":\"\",\"personally_identifiable\":\"\",\"value\":\"\",\"drawerDisabled\":false,\"field_label\":\"Ich engagiere mich bereits in folgender Organisation \\\/ folgendem Gremium\",\"field_key\":\"ich_engagiere_mich_bereits_in_folgender_organisation_folgendem_gremium_1743575499096\",\"desc_text\":\"<p><span id=\\\"nf-drawer-content\\\"><span class=\\\"nf-setting-groups\\\"><span class=\\\"nf-field-settings\\\"><span class=\\\"nf-field-sub-settings\\\"><span id=\\\"nf-drawer-content\\\"><span class=\\\"nf-setting-groups\\\"><span class=\\\"nf-field-settings\\\"><span class=\\\"nf-field-sub-settings\\\">Falls du dich bereits f\\u00fcr Gesundheitsthemen engagierst, kannst du dies hier eintragen.<\\\/span><\\\/span><\\\/span><\\\/span><\\\/span><\\\/span><\\\/span><\\\/span><br><\\\/p>\",\"id\":119,\"beforeField\":\"\",\"afterField\":\"\",\"parentType\":\"textbox\",\"element_templates\":[\"textbox\",\"input\"],\"old_classname\":\"\",\"wrap_template\":\"wrap\"},{\"objectType\":\"Field\",\"objectDomain\":\"fields\",\"editActive\":false,\"order\":8,\"idAttribute\":\"id\",\"type\":\"textarea\",\"label\":\"Ich ben\\u00f6tige...\",\"key\":\"ich_benoetige_1743087991290\",\"label_pos\":\"above\",\"required\":\"\",\"default\":\"\",\"placeholder\":\"\",\"container_class\":\"\",\"element_class\":\"\",\"input_limit\":\"\",\"input_limit_type\":\"characters\",\"input_limit_msg\":\"Character(s) left\",\"manual_key\":\"\",\"admin_label\":\"\",\"help_text\":\"\",\"textarea_rte\":\"\",\"disable_rte_mobile\":\"\",\"textarea_media\":\"\",\"value\":\"\",\"drawerDisabled\":false,\"field_label\":\"Ich ben\\u00f6tige...\",\"field_key\":\"ich_benoetige_1743087991290\",\"desc_text\":\"<p><span id=\\\"nf-drawer-content\\\"><span class=\\\"nf-setting-groups\\\"><span class=\\\"nf-field-settings\\\"><span class=\\\"nf-field-sub-settings\\\">Hier\\n kannst du uns Bedarfe zur Barrierefreiheit sowie zu ber\\u00fccksichtigende \\nUnvertr\\u00e4glichkeiten bis zum 2. Juni mitteilen. Wir bem\\u00fchen uns diesen nachzukommen und melden uns ggf. im \\nRahmen der Planung nochmals bei dir.<\\\/span><\\\/span><\\\/span><\\\/span><\\\/p>\",\"id\":120,\"beforeField\":\"\",\"afterField\":\"\",\"parentType\":\"textarea\",\"element_templates\":[\"textarea\",\"input\"],\"old_classname\":\"\",\"wrap_template\":\"wrap\"},{\"objectType\":\"Field\",\"objectDomain\":\"fields\",\"editActive\":false,\"order\":9,\"idAttribute\":\"id\",\"type\":\"checkbox\",\"label\":\"Ich nehme in Begleitung einer Assistenz teil\",\"key\":\"ich_nehme_in_begleitung_einer_assistenz_teil_1687245760379\",\"label_pos\":\"right\",\"required\":\"\",\"container_class\":\"\",\"element_class\":\"\",\"manual_key\":\"\",\"admin_label\":\"\",\"help_text\":\"\",\"default_value\":\"unchecked\",\"checked_value\":\"Ausgew\\u00c3\\u00a4hlt\",\"unchecked_value\":\"Nicht ausgew\\u00c3\\u00a4hlt\",\"checked_calc_value\":\"\",\"unchecked_calc_value\":\"\",\"drawerDisabled\":\"\",\"field_label\":\"Ich nehme in Begleitung einer Assistenz teil\",\"field_key\":\"ich_nehme_in_begleitung_einer_assistenz_teil_1687245760379\",\"default\":\"unchecked\",\"value\":\"unchecked\",\"id\":121,\"beforeField\":\"\",\"afterField\":\"\",\"parentType\":\"checkbox\",\"element_templates\":[\"checkbox\",\"input\"],\"old_classname\":\"\",\"wrap_template\":\"wrap\"},{\"objectType\":\"Field\",\"objectDomain\":\"fields\",\"editActive\":false,\"order\":10,\"idAttribute\":\"id\",\"label\":\"Divider\",\"key\":\"hr_1\",\"type\":\"hr\",\"created_at\":\"2016-08-28 16:16:05\",\"container_class\":\"\",\"element_class\":\"\",\"field_label\":\"Divider\",\"field_key\":\"hr_1\",\"admin_label\":\"\",\"id\":122,\"beforeField\":\"\",\"afterField\":\"\",\"value\":\"\",\"label_pos\":\"above\",\"parentType\":\"hr\",\"element_templates\":[\"hr\",\"input\"],\"old_classname\":\"\",\"wrap_template\":\"wrap\"},{\"objectType\":\"Field\",\"objectDomain\":\"fields\",\"editActive\":false,\"order\":11,\"idAttribute\":\"id\",\"type\":\"listselect\",\"label\":\"Fotos\\\/Video-\\\/Audiomitschnitte\",\"key\":\"fotos_video-_audiomitschnitte_1774343886160\",\"label_pos\":\"above\",\"required\":1,\"options\":[{\"errors\":[],\"max_options\":\"0\",\"label\":\"\",\"value\":\"\",\"calc\":\"\",\"selected\":\"0\",\"order\":\"0\",\"settingModel\":{\"settings\":false,\"hide_merge_tags\":false,\"error\":false,\"name\":\"options\",\"type\":\"option-repeater\",\"label\":\"Optionen <a href=\\\"#\\\" class=\\\"nf-add-new\\\">Erstellen<\\\/a> <a href=\\\"#\\\" class=\\\"extra nf-open-import-tooltip\\\"><i class=\\\"fa fa-sign-in\\\" aria-hidden=\\\"true\\\"><\\\/i> Importieren<\\\/a>\",\"width\":\"full\",\"group\":\"\",\"value\":[{\"label\":\"Eins\",\"value\":\"eins\",\"calc\":\"\",\"selected\":0,\"order\":0},{\"label\":\"Zwei\",\"value\":\"zwei\",\"calc\":\"\",\"selected\":0,\"order\":1},{\"label\":\"Drei\",\"value\":\"drei\",\"calc\":\"\",\"selected\":0,\"order\":2}],\"columns\":{\"label\":{\"header\":\"Beschriftung\",\"default\":\"\"},\"value\":{\"header\":\"Wert\",\"default\":\"\"},\"calc\":{\"header\":\"Berechneter Wert\",\"default\":\"\"},\"selected\":{\"header\":\"<span class=\\\"dashicons dashicons-yes\\\"><\\\/span>\",\"default\":0}}}},{\"errors\":[],\"max_options\":\"0\",\"label\":\"Ich stimme nicht zu\",\"value\":\"ich-stimme-nicht-zu\",\"calc\":\"\",\"selected\":\"0\",\"order\":\"1\",\"settingModel\":{\"settings\":false,\"hide_merge_tags\":false,\"error\":false,\"name\":\"options\",\"type\":\"option-repeater\",\"label\":\"Optionen <a href=\\\"#\\\" class=\\\"nf-add-new\\\">Erstellen<\\\/a> <a href=\\\"#\\\" class=\\\"extra nf-open-import-tooltip\\\"><i class=\\\"fa fa-sign-in\\\" aria-hidden=\\\"true\\\"><\\\/i> Importieren<\\\/a>\",\"width\":\"full\",\"group\":\"\",\"value\":[{\"label\":\"Eins\",\"value\":\"eins\",\"calc\":\"\",\"selected\":0,\"order\":0},{\"label\":\"Zwei\",\"value\":\"zwei\",\"calc\":\"\",\"selected\":0,\"order\":1},{\"label\":\"Drei\",\"value\":\"drei\",\"calc\":\"\",\"selected\":0,\"order\":2}],\"columns\":{\"label\":{\"header\":\"Beschriftung\",\"default\":\"\"},\"value\":{\"header\":\"Wert\",\"default\":\"\"},\"calc\":{\"header\":\"Berechneter Wert\",\"default\":\"\"},\"selected\":{\"header\":\"<span class=\\\"dashicons dashicons-yes\\\"><\\\/span>\",\"default\":0}}}},{\"errors\":[],\"max_options\":\"0\",\"label\":\"Ich stimme zu\",\"value\":\"ich-stimme-zu\",\"calc\":\"\",\"selected\":\"0\",\"order\":\"2\",\"settingModel\":{\"settings\":false,\"hide_merge_tags\":false,\"error\":false,\"name\":\"options\",\"type\":\"option-repeater\",\"label\":\"Optionen <a href=\\\"#\\\" class=\\\"nf-add-new\\\">Erstellen<\\\/a> <a href=\\\"#\\\" class=\\\"extra nf-open-import-tooltip\\\"><i class=\\\"fa fa-sign-in\\\" aria-hidden=\\\"true\\\"><\\\/i> Importieren<\\\/a>\",\"width\":\"full\",\"group\":\"\",\"value\":[{\"label\":\"Eins\",\"value\":\"eins\",\"calc\":\"\",\"selected\":0,\"order\":0},{\"label\":\"Zwei\",\"value\":\"zwei\",\"calc\":\"\",\"selected\":0,\"order\":1},{\"label\":\"Drei\",\"value\":\"drei\",\"calc\":\"\",\"selected\":0,\"order\":2}],\"columns\":{\"label\":{\"header\":\"Beschriftung\",\"default\":\"\"},\"value\":{\"header\":\"Wert\",\"default\":\"\"},\"calc\":{\"header\":\"Berechneter Wert\",\"default\":\"\"},\"selected\":{\"header\":\"<span class=\\\"dashicons dashicons-yes\\\"><\\\/span>\",\"default\":0}}}}],\"container_class\":\"\",\"element_class\":\"\",\"admin_label\":\"\",\"help_text\":\"\",\"desc_text\":\"<p><span id=\\\"nf-drawer-content\\\"><span class=\\\"nf-setting-groups\\\"><span class=\\\"nf-field-settings\\\"><span class=\\\"nf-field-sub-settings\\\"><span id=\\\"nf-drawer-content\\\"><span class=\\\"nf-setting-groups\\\"><span class=\\\"nf-field-settings\\\"><span class=\\\"nf-field-sub-settings\\\"><span id=\\\"nf-drawer-content\\\"><span class=\\\"nf-setting-groups\\\"><span class=\\\"nf-field-settings\\\"><span class=\\\"nf-field-sub-settings\\\">Ich stimme zu, dass zum Zwecke der \\u00d6ffentlichkeitsarbeit der <br>\\nProjektstelle Fotos, Audio- und Videoaufnahmen von mir gemacht <br>\\nwerden d\\u00fcrfen. Die so gespeicherten Daten d\\u00fcrfen ausschlie\\u00dflich zu <br>\\nZwecken der Information und der Vernetzung der Patientenbeteiligung in <br>\\nNRW verwendet werden. <br><\\\/span><\\\/span><\\\/span><\\\/span><\\\/span><\\\/span><\\\/span><\\\/span><\\\/span><\\\/span><\\\/span><\\\/span><\\\/p>\",\"drawerDisabled\":false,\"field_label\":\"Foto-\\\/Video-\\\/Audiomitschnitte\",\"field_key\":\"foto-_video-_audiomitschnitte_1711025823804\",\"id\":123,\"beforeField\":\"\",\"afterField\":\"\",\"value\":\"\",\"parentType\":\"list\",\"element_templates\":[\"listselect\",\"input\"],\"old_classname\":\"list-select\",\"wrap_template\":\"wrap\"},{\"objectType\":\"Field\",\"objectDomain\":\"fields\",\"editActive\":false,\"order\":12,\"idAttribute\":\"id\",\"type\":\"checkbox\",\"label\":\"Datenschutz\",\"key\":\"datenschutz_1685097783937\",\"label_pos\":\"right\",\"required\":1,\"container_class\":\"\",\"element_class\":\"\",\"manual_key\":\"\",\"admin_label\":\"\",\"help_text\":\"\",\"desc_text\":\"<p><span id=\\\"nf-drawer-content\\\"><span class=\\\"nf-setting-groups\\\"><span class=\\\"nf-field-settings\\\"><span class=\\\"nf-field-sub-settings\\\">Hiermit\\n erkl\\u00e4re ich mich einverstanden, dass meine hier angegebenen Daten vom \\nProjekt Koordinierung und Vernetzung der Patientenbeteiligung (Projekt \\ndes gesundheitsladen k\\u00f6ln e.V., Steinkopfstr. 2, 51065 K\\u00f6ln, \\ndatenschutzrechtlich verantwortlich Gregor Bornes) gespeichert werden. \\nDie gespeicherten Daten d\\u00fcrfen ausschlie\\u00dflich zu Zwecken der Information\\n und der Vernetzung der Patientenbeteiligung in NRW verwendet werden. \\nEine Weitergabe an Dritte erfolgt nicht. Die Datenerfassung erfolgt im \\nRahmen der DSGVO. Sie k\\u00f6nnen jederzeit die L\\u00f6schung Ihrer Daten \\nbeantragen.<\\\/span><\\\/span><\\\/span><\\\/span><\\\/p>\",\"default_value\":\"unchecked\",\"checked_value\":\"Checked\",\"unchecked_value\":\"Unchecked\",\"checked_calc_value\":\"\",\"unchecked_calc_value\":\"\",\"drawerDisabled\":\"\",\"field_label\":\"Datenschutz\",\"field_key\":\"datenschutz_1685097783937\",\"default\":\"unchecked\",\"value\":\"unchecked\",\"id\":124,\"beforeField\":\"\",\"afterField\":\"\",\"parentType\":\"checkbox\",\"element_templates\":[\"checkbox\",\"input\"],\"old_classname\":\"\",\"wrap_template\":\"wrap\"},{\"objectType\":\"Field\",\"objectDomain\":\"fields\",\"editActive\":false,\"order\":13,\"idAttribute\":\"id\",\"label\":\"Anmelden\",\"key\":\"anmelden_1685097810437\",\"type\":\"submit\",\"created_at\":\"2016-08-28 16:16:05\",\"processing_label\":\"Processing\",\"container_class\":\"\",\"element_class\":\"\",\"field_label\":\"Anmelden\",\"field_key\":\"anmelden_1685097810437\",\"drawerDisabled\":\"\",\"admin_label\":\"\",\"id\":125,\"beforeField\":\"\",\"afterField\":\"\",\"value\":\"\",\"label_pos\":\"above\",\"parentType\":\"textbox\",\"element_templates\":[\"submit\",\"button\",\"input\"],\"old_classname\":\"\",\"wrap_template\":\"wrap-no-label\"}];nfForms.push(form);<\/script>\n        \n","protected":false},"excerpt":{"rendered":"<p>Im ersten Teil des diesj\u00e4hrigen Think-Tanks der Projektstelle Patientenbeteiligung NRW werden Grundlagen zur elektronischen Patientenakte f\u00fcr Engagierte aus Selbsthilfe, Patientenvertretung und Sozialverb\u00e4nden vermittelt. Gemeinsam m\u00f6chten wir er\u00f6rtern, wie die N\u00fctzlichkeit der ePA f\u00fcr Patient*innen bei der Umsetzung der ePA mitgedacht werden kann und wie Patient*innen hierbei mitwirken k\u00f6nnen.<\/p>\n","protected":false},"author":15,"featured_media":6884,"template":"","meta":{"_acf_changed":false,"_tribe_events_status":"","_tribe_events_status_reason":"","footnotes":""},"tags":[],"tribe_events_cat":[],"class_list":["post-6880","tribe_events","type-tribe_events","status-publish","has-post-thumbnail","hentry"],"acf":[],"yoast_head":"<!-- This site is optimized with the Yoast SEO plugin v24.9 - https:\/\/yoast.com\/wordpress\/plugins\/seo\/ -->\n<title>Elektronische Patientenakte: Mehr Patientenorientierung bei der Umsetzung (Teil I) - Patientenbeteiligung NRW<\/title>\n<meta name=\"robots\" content=\"index, follow, max-snippet:-1, max-image-preview:large, max-video-preview:-1\" \/>\n<link rel=\"canonical\" href=\"https:\/\/www.patientenbeteiligung.de\/nrw\/termin\/elektronische-patientenakte-mehr-patientenorientierung-bei-der-umsetzung-teil-i\/\" \/>\n<meta property=\"og:locale\" content=\"de_DE\" \/>\n<meta property=\"og:type\" content=\"article\" \/>\n<meta property=\"og:title\" content=\"Elektronische Patientenakte: Mehr Patientenorientierung bei der Umsetzung (Teil I) - Patientenbeteiligung NRW\" \/>\n<meta property=\"og:description\" content=\"Im ersten Teil des diesj\u00e4hrigen Think-Tanks der Projektstelle Patientenbeteiligung NRW werden Grundlagen zur elektronischen Patientenakte f\u00fcr Engagierte aus Selbsthilfe, Patientenvertretung und Sozialverb\u00e4nden vermittelt. Gemeinsam m\u00f6chten wir er\u00f6rtern, wie die N\u00fctzlichkeit der ePA f\u00fcr Patient*innen bei der Umsetzung der ePA mitgedacht werden kann und wie Patient*innen hierbei mitwirken k\u00f6nnen.\" \/>\n<meta property=\"og:url\" content=\"https:\/\/www.patientenbeteiligung.de\/nrw\/termin\/elektronische-patientenakte-mehr-patientenorientierung-bei-der-umsetzung-teil-i\/\" \/>\n<meta property=\"og:site_name\" content=\"Patientenbeteiligung NRW\" \/>\n<meta property=\"article:modified_time\" content=\"2025-09-19T14:45:15+00:00\" \/>\n<meta property=\"og:image\" content=\"https:\/\/www.patientenbeteiligung.de\/nrw\/wp-content\/uploads\/sites\/12\/2025\/09\/3-Bloecke-min.png\" \/>\n\t<meta property=\"og:image:width\" content=\"1024\" \/>\n\t<meta property=\"og:image:height\" content=\"1024\" \/>\n\t<meta property=\"og:image:type\" content=\"image\/png\" \/>\n<meta name=\"twitter:card\" content=\"summary_large_image\" \/>\n<meta name=\"twitter:label1\" content=\"Gesch\u00e4tzte Lesezeit\" \/>\n\t<meta name=\"twitter:data1\" content=\"2\u00a0Minuten\" \/>\n<script type=\"application\/ld+json\" class=\"yoast-schema-graph\">{\"@context\":\"https:\/\/schema.org\",\"@graph\":[{\"@type\":\"WebPage\",\"@id\":\"https:\/\/www.patientenbeteiligung.de\/nrw\/termin\/elektronische-patientenakte-mehr-patientenorientierung-bei-der-umsetzung-teil-i\/\",\"url\":\"https:\/\/www.patientenbeteiligung.de\/nrw\/termin\/elektronische-patientenakte-mehr-patientenorientierung-bei-der-umsetzung-teil-i\/\",\"name\":\"Elektronische Patientenakte: Mehr Patientenorientierung bei der Umsetzung (Teil I) - Patientenbeteiligung NRW\",\"isPartOf\":{\"@id\":\"https:\/\/www.patientenbeteiligung.de\/nrw\/#website\"},\"primaryImageOfPage\":{\"@id\":\"https:\/\/www.patientenbeteiligung.de\/nrw\/termin\/elektronische-patientenakte-mehr-patientenorientierung-bei-der-umsetzung-teil-i\/#primaryimage\"},\"image\":{\"@id\":\"https:\/\/www.patientenbeteiligung.de\/nrw\/termin\/elektronische-patientenakte-mehr-patientenorientierung-bei-der-umsetzung-teil-i\/#primaryimage\"},\"thumbnailUrl\":\"https:\/\/www.patientenbeteiligung.de\/nrw\/wp-content\/uploads\/sites\/12\/2025\/09\/3-Bloecke-min.png\",\"datePublished\":\"2025-09-17T08:48:36+00:00\",\"dateModified\":\"2025-09-19T14:45:15+00:00\",\"breadcrumb\":{\"@id\":\"https:\/\/www.patientenbeteiligung.de\/nrw\/termin\/elektronische-patientenakte-mehr-patientenorientierung-bei-der-umsetzung-teil-i\/#breadcrumb\"},\"inLanguage\":\"de\",\"potentialAction\":[{\"@type\":\"ReadAction\",\"target\":[\"https:\/\/www.patientenbeteiligung.de\/nrw\/termin\/elektronische-patientenakte-mehr-patientenorientierung-bei-der-umsetzung-teil-i\/\"]}]},{\"@type\":\"ImageObject\",\"inLanguage\":\"de\",\"@id\":\"https:\/\/www.patientenbeteiligung.de\/nrw\/termin\/elektronische-patientenakte-mehr-patientenorientierung-bei-der-umsetzung-teil-i\/#primaryimage\",\"url\":\"https:\/\/www.patientenbeteiligung.de\/nrw\/wp-content\/uploads\/sites\/12\/2025\/09\/3-Bloecke-min.png\",\"contentUrl\":\"https:\/\/www.patientenbeteiligung.de\/nrw\/wp-content\/uploads\/sites\/12\/2025\/09\/3-Bloecke-min.png\",\"width\":1024,\"height\":1024},{\"@type\":\"BreadcrumbList\",\"@id\":\"https:\/\/www.patientenbeteiligung.de\/nrw\/termin\/elektronische-patientenakte-mehr-patientenorientierung-bei-der-umsetzung-teil-i\/#breadcrumb\",\"itemListElement\":[{\"@type\":\"ListItem\",\"position\":1,\"name\":\"Patientenbeteiligung\",\"item\":\"https:\/\/www.patientenbeteiligung.de\"},{\"@type\":\"ListItem\",\"position\":2,\"name\":\"Nordrhein-Westfalen\",\"item\":\"https:\/\/www.patientenbeteiligung.de\/nrw\/\"},{\"@type\":\"ListItem\",\"position\":3,\"name\":\"Veranstaltungen\",\"item\":\"https:\/\/www.patientenbeteiligung.de\/nrw\/termine\/\"},{\"@type\":\"ListItem\",\"position\":4,\"name\":\"Elektronische Patientenakte: Mehr Patientenorientierung bei der Umsetzung (Teil I)\"}]},{\"@type\":\"WebSite\",\"@id\":\"https:\/\/www.patientenbeteiligung.de\/nrw\/#website\",\"url\":\"https:\/\/www.patientenbeteiligung.de\/nrw\/\",\"name\":\"Patientenbeteiligung NRW\",\"description\":\"\",\"potentialAction\":[{\"@type\":\"SearchAction\",\"target\":{\"@type\":\"EntryPoint\",\"urlTemplate\":\"https:\/\/www.patientenbeteiligung.de\/nrw\/?s={search_term_string}\"},\"query-input\":{\"@type\":\"PropertyValueSpecification\",\"valueRequired\":true,\"valueName\":\"search_term_string\"}}],\"inLanguage\":\"de\"}]}<\/script>\n<!-- \/ Yoast SEO plugin. -->","yoast_head_json":{"title":"Elektronische Patientenakte: Mehr Patientenorientierung bei der Umsetzung (Teil I) - Patientenbeteiligung NRW","robots":{"index":"index","follow":"follow","max-snippet":"max-snippet:-1","max-image-preview":"max-image-preview:large","max-video-preview":"max-video-preview:-1"},"canonical":"https:\/\/www.patientenbeteiligung.de\/nrw\/termin\/elektronische-patientenakte-mehr-patientenorientierung-bei-der-umsetzung-teil-i\/","og_locale":"de_DE","og_type":"article","og_title":"Elektronische Patientenakte: Mehr Patientenorientierung bei der Umsetzung (Teil I) - Patientenbeteiligung NRW","og_description":"Im ersten Teil des diesj\u00e4hrigen Think-Tanks der Projektstelle Patientenbeteiligung NRW werden Grundlagen zur elektronischen Patientenakte f\u00fcr Engagierte aus Selbsthilfe, Patientenvertretung und Sozialverb\u00e4nden vermittelt. Gemeinsam m\u00f6chten wir er\u00f6rtern, wie die N\u00fctzlichkeit der ePA f\u00fcr Patient*innen bei der Umsetzung der ePA mitgedacht werden kann und wie Patient*innen hierbei mitwirken k\u00f6nnen.","og_url":"https:\/\/www.patientenbeteiligung.de\/nrw\/termin\/elektronische-patientenakte-mehr-patientenorientierung-bei-der-umsetzung-teil-i\/","og_site_name":"Patientenbeteiligung NRW","article_modified_time":"2025-09-19T14:45:15+00:00","og_image":[{"width":1024,"height":1024,"url":"https:\/\/www.patientenbeteiligung.de\/nrw\/wp-content\/uploads\/sites\/12\/2025\/09\/3-Bloecke-min.png","type":"image\/png"}],"twitter_card":"summary_large_image","twitter_misc":{"Gesch\u00e4tzte Lesezeit":"2\u00a0Minuten"},"schema":{"@context":"https:\/\/schema.org","@graph":[{"@type":"WebPage","@id":"https:\/\/www.patientenbeteiligung.de\/nrw\/termin\/elektronische-patientenakte-mehr-patientenorientierung-bei-der-umsetzung-teil-i\/","url":"https:\/\/www.patientenbeteiligung.de\/nrw\/termin\/elektronische-patientenakte-mehr-patientenorientierung-bei-der-umsetzung-teil-i\/","name":"Elektronische Patientenakte: Mehr Patientenorientierung bei der Umsetzung (Teil I) - Patientenbeteiligung NRW","isPartOf":{"@id":"https:\/\/www.patientenbeteiligung.de\/nrw\/#website"},"primaryImageOfPage":{"@id":"https:\/\/www.patientenbeteiligung.de\/nrw\/termin\/elektronische-patientenakte-mehr-patientenorientierung-bei-der-umsetzung-teil-i\/#primaryimage"},"image":{"@id":"https:\/\/www.patientenbeteiligung.de\/nrw\/termin\/elektronische-patientenakte-mehr-patientenorientierung-bei-der-umsetzung-teil-i\/#primaryimage"},"thumbnailUrl":"https:\/\/www.patientenbeteiligung.de\/nrw\/wp-content\/uploads\/sites\/12\/2025\/09\/3-Bloecke-min.png","datePublished":"2025-09-17T08:48:36+00:00","dateModified":"2025-09-19T14:45:15+00:00","breadcrumb":{"@id":"https:\/\/www.patientenbeteiligung.de\/nrw\/termin\/elektronische-patientenakte-mehr-patientenorientierung-bei-der-umsetzung-teil-i\/#breadcrumb"},"inLanguage":"de","potentialAction":[{"@type":"ReadAction","target":["https:\/\/www.patientenbeteiligung.de\/nrw\/termin\/elektronische-patientenakte-mehr-patientenorientierung-bei-der-umsetzung-teil-i\/"]}]},{"@type":"ImageObject","inLanguage":"de","@id":"https:\/\/www.patientenbeteiligung.de\/nrw\/termin\/elektronische-patientenakte-mehr-patientenorientierung-bei-der-umsetzung-teil-i\/#primaryimage","url":"https:\/\/www.patientenbeteiligung.de\/nrw\/wp-content\/uploads\/sites\/12\/2025\/09\/3-Bloecke-min.png","contentUrl":"https:\/\/www.patientenbeteiligung.de\/nrw\/wp-content\/uploads\/sites\/12\/2025\/09\/3-Bloecke-min.png","width":1024,"height":1024},{"@type":"BreadcrumbList","@id":"https:\/\/www.patientenbeteiligung.de\/nrw\/termin\/elektronische-patientenakte-mehr-patientenorientierung-bei-der-umsetzung-teil-i\/#breadcrumb","itemListElement":[{"@type":"ListItem","position":1,"name":"Patientenbeteiligung","item":"https:\/\/www.patientenbeteiligung.de"},{"@type":"ListItem","position":2,"name":"Nordrhein-Westfalen","item":"https:\/\/www.patientenbeteiligung.de\/nrw\/"},{"@type":"ListItem","position":3,"name":"Veranstaltungen","item":"https:\/\/www.patientenbeteiligung.de\/nrw\/termine\/"},{"@type":"ListItem","position":4,"name":"Elektronische Patientenakte: Mehr Patientenorientierung bei der Umsetzung (Teil I)"}]},{"@type":"WebSite","@id":"https:\/\/www.patientenbeteiligung.de\/nrw\/#website","url":"https:\/\/www.patientenbeteiligung.de\/nrw\/","name":"Patientenbeteiligung NRW","description":"","potentialAction":[{"@type":"SearchAction","target":{"@type":"EntryPoint","urlTemplate":"https:\/\/www.patientenbeteiligung.de\/nrw\/?s={search_term_string}"},"query-input":{"@type":"PropertyValueSpecification","valueRequired":true,"valueName":"search_term_string"}}],"inLanguage":"de"}]}},"_links":{"self":[{"href":"https:\/\/www.patientenbeteiligung.de\/nrw\/wp-json\/wp\/v2\/tribe_events\/6880","targetHints":{"allow":["GET"]}}],"collection":[{"href":"https:\/\/www.patientenbeteiligung.de\/nrw\/wp-json\/wp\/v2\/tribe_events"}],"about":[{"href":"https:\/\/www.patientenbeteiligung.de\/nrw\/wp-json\/wp\/v2\/types\/tribe_events"}],"author":[{"embeddable":true,"href":"https:\/\/www.patientenbeteiligung.de\/nrw\/wp-json\/wp\/v2\/users\/15"}],"version-history":[{"count":6,"href":"https:\/\/www.patientenbeteiligung.de\/nrw\/wp-json\/wp\/v2\/tribe_events\/6880\/revisions"}],"predecessor-version":[{"id":6902,"href":"https:\/\/www.patientenbeteiligung.de\/nrw\/wp-json\/wp\/v2\/tribe_events\/6880\/revisions\/6902"}],"wp:featuredmedia":[{"embeddable":true,"href":"https:\/\/www.patientenbeteiligung.de\/nrw\/wp-json\/wp\/v2\/media\/6884"}],"wp:attachment":[{"href":"https:\/\/www.patientenbeteiligung.de\/nrw\/wp-json\/wp\/v2\/media?parent=6880"}],"wp:term":[{"taxonomy":"post_tag","embeddable":true,"href":"https:\/\/www.patientenbeteiligung.de\/nrw\/wp-json\/wp\/v2\/tags?post=6880"},{"taxonomy":"tribe_events_cat","embeddable":true,"href":"https:\/\/www.patientenbeteiligung.de\/nrw\/wp-json\/wp\/v2\/tribe_events_cat?post=6880"}],"curies":[{"name":"wp","href":"https:\/\/api.w.org\/{rel}","templated":true}]}}