{"id":6661,"date":"2025-03-24T07:45:35","date_gmt":"2025-03-24T06:45:35","guid":{"rendered":"https:\/\/www.patientenbeteiligung.de\/nrw\/?post_type=tribe_events&#038;p=6661"},"modified":"2025-10-14T10:40:08","modified_gmt":"2025-10-14T08:40:08","slug":"jahrestagung-patientenbeteiligung-nrw-2025","status":"publish","type":"tribe_events","link":"https:\/\/www.patientenbeteiligung.de\/nrw\/termin\/jahrestagung-patientenbeteiligung-nrw-2025\/","title":{"rendered":"Jahrestagung Patientenbeteiligung NRW 2025"},"content":{"rendered":"<div>\n<div>\n<div>\n<p><em>Anmeldungen sind weiter unten m\u00f6glich.<\/em><\/p>\n<p class=\"cvGsUA direction-ltr align-start para-style-body\"><strong><span class=\"a_GcMg font-feature-liga-off font-feature-clig-off font-feature-calt-off text-decoration-none text-strikethrough-none\">Demokratie in Bewegung: <\/span><\/strong><strong><span class=\"a_GcMg font-feature-liga-off font-feature-clig-off font-feature-calt-off text-decoration-none text-strikethrough-none\">Wie begegnet das NRW-Gesundheitswesen aktuellen gesellschaftlichen Entwicklungen?<\/span><\/strong><\/p>\n<p>Im November jedes Jahres veranstaltet die Projektstelle Patientenbeteiligung NRW eine Fachtagung f\u00fcr Patientenvertreter*innen und Interessierte. Gemeinsam mit externen G\u00e4sten reflektieren Patientenvertreter*innen und Netzwerkpartner*innen aktuelle Themen des Gesundheitswesens. Eine Teilnahme ist sowohl vor Ort als auch online m\u00f6glich.<\/p>\n<\/div>\n<\/div>\n<div>\n<div>\n<p>Wir leben in einer Zeit, in der gesellschaftliche Entwicklungen unser Zusammenleben herausfordern: Klimakrise, die Diskriminierung von Bev\u00f6lkerungsgruppen sowie der demographische Wandel und seine Konsequenzen f\u00fcr die Versorgung f\u00fchren zu der Frage, wie wir derzeitige Krisen bew\u00e4ltigen und uns f\u00fcr zuk\u00fcnftige Krisen wappnen k\u00f6nnen. Auf der Jahrestagung wollen wir gemeinsam mit unseren G\u00e4sten Antworten f\u00fcr das Gesundheitswesen formulieren, um an einer krisenresilienten, patientenorientierten Zukunft zu arbeiten.<\/p>\n<p>Weitere Informationen zum Programm k\u00f6nnen der <a href=\"https:\/\/www.patientenbeteiligung.de\/nrw\/wp-content\/uploads\/sites\/12\/2025\/09\/Einladung-Jahrestagung-Patientenbeteiligung-NRW-2025.pdf\" target=\"_blank\" rel=\"noopener\">hier<\/a> verlinkten <strong>Einladung<\/strong> entnommen werden. Eine barrierearme Version ist <a href=\"https:\/\/www.patientenbeteiligung.de\/nrw\/wp-content\/uploads\/sites\/12\/2025\/09\/Einladung-Jahrestagung-Patientenbeteiligung-NRW-2025_barrierearm.pdf\" target=\"_blank\" rel=\"noopener\">hier<\/a> verlinkt.<\/p>\n<p><strong>Informationen zu den Workshops<\/strong> finden Sie <a href=\"https:\/\/www.patientenbeteiligung.de\/nrw\/wp-content\/uploads\/sites\/12\/2025\/10\/Weiterfuehrende-Informationen-zu-den-Workshops.pdf\" target=\"_blank\" rel=\"noopener\">hier<\/a>. Eine barrierearme Version finden Sie <a href=\"https:\/\/www.patientenbeteiligung.de\/nrw\/wp-content\/uploads\/sites\/12\/2025\/10\/Weiterfuehrende-Informationen-zu-den-Workshops_barrierearm.pdf\" target=\"_blank\" rel=\"noopener\">hier<\/a>.<\/p>\n<noscript class=\"ninja-forms-noscript-message\">\n\tHinweis: F\u00fcr diesen Inhalt ist JavaScript erforderlich.<\/noscript>\n<div id=\"nf-form-12-cont\" class=\"nf-form-cont\" aria-live=\"polite\" aria-labelledby=\"nf-form-title-12\" aria-describedby=\"nf-form-errors-12\" role=\"form\">\n\n    <div class=\"nf-loading-spinner\"><\/div>\n\n<\/div>\n        <!-- That data is being printed as a workaround to page builders reordering the order of the scripts loaded-->\n        <script>var formDisplay=1;var nfForms=nfForms||[];var form=[];form.id='12';form.settings={\"objectType\":\"Form Setting\",\"editActive\":true,\"title\":\"Anmeldung Jahrestagung 2025\",\"created_at\":\"2025-09-29 07:42:08\",\"default_label_pos\":\"above\",\"show_title\":\"1\",\"clear_complete\":\"1\",\"hide_complete\":\"1\",\"logged_in\":\"0\",\"key\":\"\",\"wrapper_class\":\"\",\"element_class\":\"\",\"add_submit\":\"0\",\"not_logged_in_msg\":\"\",\"sub_limit_number\":\"\",\"sub_limit_msg\":\"\",\"calculations\":[],\"formContentData\":[\"anmeldung_jahrestagung_patientenbeteiligung_nrw_1693834593372\",\"an_welchem_workshop_nehmen_sie_am_vormittag_teil_1694590939996\",\"wie_moechten_sie_an_der_nachmittagsveranstaltung_teilnehmen_1726041165548\",\"hr_1694590404213\",\"lastname_1729529719864\",\"vorname_1726479445127\",\"email\",\"telefonnummer_1685097166426\",\"engagiert_in_folgender_organisation_folgendem_gremium_1694591627673\",\"ich_benoetige_1726042773508\",\"ich_nehme_in_begleitung_einer_assistenz_teil_1687245760379\",\"hr_1\",\"foto-_video-_audiomitschnitte_1694589769858\",\"datenschutz_1685097783937\",\"anmelden_1685097810437\",\"hr_1694590392693\"],\"currency\":\"\",\"unique_field_error\":\"A form with this value has already been submitted.\",\"form_title_heading_level\":\"3\",\"changeEmailErrorMsg\":\"Bitte gib eine g\\u00fcltige E-Mail-Adresse ein.\",\"changeDateErrorMsg\":\"Bitte gib ein g\\u00fcltiges Datum ein!\",\"confirmFieldErrorMsg\":\"Diese Felder m\\u00fcssen \\u00fcbereinstimmen!\",\"fieldNumberNumMinError\":\"Die eingegebene Zahl ist zu klein.\",\"fieldNumberNumMaxError\":\"Die eingegebene Zahl ist zu gross.\",\"fieldNumberIncrementBy\":\"Bitte erh\\u00f6hen in Schritten von\",\"formErrorsCorrectErrors\":\"Bitte korrigiere die Fehler, bevor du das Formular sendest.\",\"validateRequiredField\":\"Dies ist ein Pflichtfeld.\",\"honeypotHoneypotError\":\"Honeypot-Fehler\",\"fieldsMarkedRequired\":\"Felder mit einem Sternchen m\\u00fcssen ausgef\\u00fcllt werden.\",\"drawerDisabled\":false,\"allow_public_link\":0,\"embed_form\":\"\",\"objectDomain\":\"display\",\"ninjaForms\":\"Ninja Forms\",\"fieldTextareaRTEInsertLink\":\"Link einf\\u00fcgen\",\"fieldTextareaRTEInsertMedia\":\"Medien einf\\u00fcgen\",\"fieldTextareaRTESelectAFile\":\"Eine Datei ausw\\u00e4hlen\",\"formHoneypot\":\"Falls du ein Mensch bist und dieses Feld siehst, dann lasse es bitte leer.\",\"fileUploadOldCodeFileUploadInProgress\":\"Datei-Upload l\\u00e4uft.\",\"fileUploadOldCodeFileUpload\":\"DATEI-UPLOAD\",\"currencySymbol\":false,\"thousands_sep\":\".\",\"decimal_point\":\",\",\"siteLocale\":\"de_DE\",\"dateFormat\":\"m\\\/d\\\/Y\",\"startOfWeek\":\"1\",\"of\":\"von\",\"previousMonth\":\"Vorheriger Monat\",\"nextMonth\":\"N\\u00e4chster Monat\",\"months\":[\"Januar\",\"Februar\",\"M\\u00e4rz\",\"April\",\"Mai\",\"Juni\",\"Juli\",\"August\",\"September\",\"Oktober\",\"November\",\"Dezember\"],\"monthsShort\":[\"Jan\",\"Feb\",\"Mrz\",\"Apr\",\"Mai\",\"Jun\",\"Jul\",\"Aug\",\"Sep\",\"Okt\",\"Nov\",\"Dez\"],\"weekdays\":[\"Sonntag\",\"Montag\",\"Dienstag\",\"Mittwoch\",\"Donnerstag\",\"Freitag\",\"Samstag\"],\"weekdaysShort\":[\"So\",\"Mo\",\"Die\",\"Mi\",\"Do\",\"Fr\",\"Sa\"],\"weekdaysMin\":[\"So\",\"Mo\",\"Di\",\"Mi\",\"Do\",\"Fr\",\"Sa\"],\"recaptchaConsentMissing\":\"reCaptcha validation couldn&#039;t load.\",\"recaptchaMissingCookie\":\"reCaptcha v3 validation couldn&#039;t load the cookie needed to submit the form.\",\"recaptchaConsentEvent\":\"Accept reCaptcha cookies before sending the form.\",\"currency_symbol\":\"\",\"beforeForm\":\"\",\"beforeFields\":\"\",\"afterFields\":\"\",\"afterForm\":\"\"};form.fields=[{\"objectType\":\"Field\",\"objectDomain\":\"fields\",\"editActive\":false,\"order\":1,\"idAttribute\":\"id\",\"label\":\"Anmeldung Jahrestagung Patientenbeteiligung NRW\",\"key\":\"anmeldung_jahrestagung_patientenbeteiligung_nrw_1693834593372\",\"type\":\"html\",\"created_at\":\"2016-08-28 16:16:05\",\"default\":\"<p><br><\\\/p>\",\"container_class\":\"\",\"element_class\":\"\",\"field_label\":\"Anmeldung Jahrestagung Patientenbeteiligung NRW\",\"field_key\":\"anmeldung_jahrestagung_patientenbeteiligung_nrw_1693834593372\",\"drawerDisabled\":\"\",\"admin_label\":\"\",\"id\":141,\"beforeField\":\"\",\"afterField\":\"\",\"value\":\"<p><br><\\\/p>\",\"label_pos\":\"above\",\"parentType\":\"html\",\"element_templates\":[\"html\",\"input\"],\"old_classname\":\"\",\"wrap_template\":\"wrap\"},{\"objectType\":\"Field\",\"objectDomain\":\"fields\",\"editActive\":false,\"order\":2,\"idAttribute\":\"id\",\"label\":\"An welchem Workshop nehmen Sie am Vormittag teil?\",\"type\":\"listselect\",\"key\":\"an_welchem_workshop_nehmen_sie_am_vormittag_teil_1694590939996\",\"label_pos\":\"above\",\"required\":1,\"options\":[{\"errors\":[],\"max_options\":\"0\",\"order\":0,\"new\":\"\",\"options\":[],\"label\":\"\",\"value\":\"\",\"calc\":\"\",\"selected\":\"0\",\"settingModel\":{\"settings\":false,\"hide_merge_tags\":false,\"error\":false,\"name\":\"options\",\"type\":\"option-repeater\",\"label\":\"Optionen <a href=\\\"#\\\" class=\\\"nf-add-new\\\">Erstellen<\\\/a> <a href=\\\"#\\\" class=\\\"extra nf-open-import-tooltip\\\"><i class=\\\"fa fa-sign-in\\\" aria-hidden=\\\"true\\\"><\\\/i> Importieren<\\\/a>\",\"width\":\"full\",\"group\":\"\",\"value\":[{\"label\":\"Eins\",\"value\":\"eins\",\"calc\":\"\",\"selected\":0,\"order\":0},{\"label\":\"Zwei\",\"value\":\"zwei\",\"calc\":\"\",\"selected\":0,\"order\":1},{\"label\":\"Drei\",\"value\":\"drei\",\"calc\":\"\",\"selected\":0,\"order\":2}],\"columns\":{\"label\":{\"header\":\"Beschriftung\",\"default\":\"\"},\"value\":{\"header\":\"Wert\",\"default\":\"\"},\"calc\":{\"header\":\"Berechneter Wert\",\"default\":\"\"},\"selected\":{\"header\":\"<span class=\\\"dashicons dashicons-yes\\\"><\\\/span>\",\"default\":0}}}},{\"errors\":[],\"max_options\":\"0\",\"order\":1,\"new\":\"\",\"options\":[],\"label\":\"digital: Klimawandel: Neue gesundheitliche Versorgungsbedarfe ber\\u00fccksichtigen\",\"value\":\"digital-klimawandel-neue-gesundheitliche-versorgungsbedarfe-beruecksichtigen\",\"calc\":\"\",\"selected\":\"0\",\"settingModel\":{\"settings\":false,\"hide_merge_tags\":false,\"error\":false,\"name\":\"options\",\"type\":\"option-repeater\",\"label\":\"Optionen <a href=\\\"#\\\" class=\\\"nf-add-new\\\">Erstellen<\\\/a> <a href=\\\"#\\\" class=\\\"extra nf-open-import-tooltip\\\"><i class=\\\"fa fa-sign-in\\\" aria-hidden=\\\"true\\\"><\\\/i> Importieren<\\\/a>\",\"width\":\"full\",\"group\":\"\",\"value\":[{\"label\":\"Eins\",\"value\":\"eins\",\"calc\":\"\",\"selected\":0,\"order\":0},{\"label\":\"Zwei\",\"value\":\"zwei\",\"calc\":\"\",\"selected\":0,\"order\":1},{\"label\":\"Drei\",\"value\":\"drei\",\"calc\":\"\",\"selected\":0,\"order\":2}],\"columns\":{\"label\":{\"header\":\"Beschriftung\",\"default\":\"\"},\"value\":{\"header\":\"Wert\",\"default\":\"\"},\"calc\":{\"header\":\"Berechneter Wert\",\"default\":\"\"},\"selected\":{\"header\":\"<span class=\\\"dashicons dashicons-yes\\\"><\\\/span>\",\"default\":0}}}},{\"errors\":[],\"max_options\":\"0\",\"order\":2,\"new\":\"\",\"options\":[],\"label\":\"vor Ort: Diskriminierung im Gesundheitswesen\",\"value\":\"vor-ort-diskriminierung-im-gesundheitswesen\",\"calc\":\"\",\"selected\":0,\"settingModel\":{\"settings\":false,\"hide_merge_tags\":false,\"error\":false,\"name\":\"options\",\"type\":\"option-repeater\",\"label\":\"Optionen <a href=\\\"#\\\" class=\\\"nf-add-new\\\">Erstellen<\\\/a> <a href=\\\"#\\\" class=\\\"extra nf-open-import-tooltip\\\"><i class=\\\"fa fa-sign-in\\\" aria-hidden=\\\"true\\\"><\\\/i> Importieren<\\\/a>\",\"width\":\"full\",\"group\":\"\",\"value\":[{\"label\":\"Eins\",\"value\":\"eins\",\"calc\":\"\",\"selected\":0,\"order\":0},{\"label\":\"Zwei\",\"value\":\"zwei\",\"calc\":\"\",\"selected\":0,\"order\":1},{\"label\":\"Drei\",\"value\":\"drei\",\"calc\":\"\",\"selected\":0,\"order\":2}],\"columns\":{\"label\":{\"header\":\"Beschriftung\",\"default\":\"\"},\"value\":{\"header\":\"Wert\",\"default\":\"\"},\"calc\":{\"header\":\"Berechneter Wert\",\"default\":\"\"},\"selected\":{\"header\":\"<span class=\\\"dashicons dashicons-yes\\\"><\\\/span>\",\"default\":0}}}},{\"errors\":[],\"max_options\":\"0\",\"order\":4,\"new\":\"\",\"options\":[],\"label\":\"vor Ort: Patientenorientierung vs. Patientensteuerung\",\"value\":\"vor-ort-patientenorientierung-vs-patientensteuerung\",\"calc\":\"\",\"selected\":\"0\",\"settingModel\":{\"settings\":false,\"hide_merge_tags\":false,\"error\":false,\"name\":\"options\",\"type\":\"option-repeater\",\"label\":\"Optionen <a href=\\\"#\\\" class=\\\"nf-add-new\\\">Erstellen<\\\/a> <a href=\\\"#\\\" class=\\\"extra nf-open-import-tooltip\\\"><i class=\\\"fa fa-sign-in\\\" aria-hidden=\\\"true\\\"><\\\/i> Importieren<\\\/a>\",\"width\":\"full\",\"group\":\"\",\"value\":[{\"label\":\"Eins\",\"value\":\"eins\",\"calc\":\"\",\"selected\":0,\"order\":0},{\"label\":\"Zwei\",\"value\":\"zwei\",\"calc\":\"\",\"selected\":0,\"order\":1},{\"label\":\"Drei\",\"value\":\"drei\",\"calc\":\"\",\"selected\":0,\"order\":2}],\"columns\":{\"label\":{\"header\":\"Beschriftung\",\"default\":\"\"},\"value\":{\"header\":\"Wert\",\"default\":\"\"},\"calc\":{\"header\":\"Berechneter Wert\",\"default\":\"\"},\"selected\":{\"header\":\"<span class=\\\"dashicons dashicons-yes\\\"><\\\/span>\",\"default\":0}}}},{\"errors\":[],\"max_options\":\"0\",\"order\":5,\"new\":\"\",\"options\":[],\"label\":\"vor Ort: Resilienz des Gesundheitssystems\",\"value\":\"vor-ort-resilienz-des-gesundheitssystems\",\"calc\":\"\",\"selected\":\"0\",\"settingModel\":{\"settings\":false,\"hide_merge_tags\":false,\"error\":false,\"name\":\"options\",\"type\":\"option-repeater\",\"label\":\"Optionen <a href=\\\"#\\\" class=\\\"nf-add-new\\\">Erstellen<\\\/a> <a href=\\\"#\\\" class=\\\"extra nf-open-import-tooltip\\\"><i class=\\\"fa fa-sign-in\\\" aria-hidden=\\\"true\\\"><\\\/i> Importieren<\\\/a>\",\"width\":\"full\",\"group\":\"\",\"value\":[{\"label\":\"Eins\",\"value\":\"eins\",\"calc\":\"\",\"selected\":0,\"order\":0},{\"label\":\"Zwei\",\"value\":\"zwei\",\"calc\":\"\",\"selected\":0,\"order\":1},{\"label\":\"Drei\",\"value\":\"drei\",\"calc\":\"\",\"selected\":0,\"order\":2}],\"columns\":{\"label\":{\"header\":\"Beschriftung\",\"default\":\"\"},\"value\":{\"header\":\"Wert\",\"default\":\"\"},\"calc\":{\"header\":\"Berechneter Wert\",\"default\":\"\"},\"selected\":{\"header\":\"<span class=\\\"dashicons dashicons-yes\\\"><\\\/span>\",\"default\":0}}}},{\"errors\":[],\"max_options\":\"0\",\"order\":6,\"new\":\"\",\"options\":[],\"label\":\"Ich nehme an keinem Workshop teil.\",\"value\":\"ich-nehme-an-keinem-workshop-teil\",\"calc\":\"\",\"selected\":\"0\",\"settingModel\":{\"settings\":false,\"hide_merge_tags\":false,\"error\":false,\"name\":\"options\",\"type\":\"option-repeater\",\"label\":\"Optionen <a href=\\\"#\\\" class=\\\"nf-add-new\\\">Erstellen<\\\/a> <a href=\\\"#\\\" class=\\\"extra nf-open-import-tooltip\\\"><i class=\\\"fa fa-sign-in\\\" aria-hidden=\\\"true\\\"><\\\/i> Importieren<\\\/a>\",\"width\":\"full\",\"group\":\"\",\"value\":[{\"label\":\"Eins\",\"value\":\"eins\",\"calc\":\"\",\"selected\":0,\"order\":0},{\"label\":\"Zwei\",\"value\":\"zwei\",\"calc\":\"\",\"selected\":0,\"order\":1},{\"label\":\"Drei\",\"value\":\"drei\",\"calc\":\"\",\"selected\":0,\"order\":2}],\"columns\":{\"label\":{\"header\":\"Beschriftung\",\"default\":\"\"},\"value\":{\"header\":\"Wert\",\"default\":\"\"},\"calc\":{\"header\":\"Berechneter Wert\",\"default\":\"\"},\"selected\":{\"header\":\"<span class=\\\"dashicons dashicons-yes\\\"><\\\/span>\",\"default\":0}}}}],\"container_class\":\"\",\"element_class\":\"\",\"admin_label\":\"\",\"help_text\":\"\",\"desc_text\":\"<p><span class=\\\"a_GcMg font-feature-liga-off font-feature-clig-off font-feature-calt-off text-decoration-none text-strikethrough-none\\\" style=\\\"color: rgba(0,0,0,var(--O42jJQ,1)); caret-color: rgb(0, 0, 0); --Ys-XuQ: none; font-weight: 400; font-style: normal; font-kerning: none;\\\">Die Workshops am Vormittag richten sich an Patientenvertreter*innen, Selbsthilfe-Aktive, Mitglieder von oder Mitarbeitende aus Sozialverb\\u00e4nden, Verbraucher- und Patientenberatungsstellen oder Selbsthilfe-Kontaktstellen, Patientenf\\u00fcrsprechende, Engagierte aus Integrations-, Inklusions- und Seniorenvertretungen, Kommunalen Gesundheitskonferenzen und Psychosozialen Arbeitsgemeinschaften. <\\\/span><span id=\\\"nf-drawer-content\\\"><span class=\\\"nf-setting-groups\\\"><span class=\\\"nf-field-settings\\\"><span class=\\\"nf-field-sub-settings\\\"><span id=\\\"nf-drawer-content\\\"><span class=\\\"nf-setting-groups\\\"><span class=\\\"nf-field-settings\\\"><span class=\\\"nf-field-sub-settings\\\"><span id=\\\"nf-drawer-content\\\"><span class=\\\"nf-setting-groups\\\"><span class=\\\"nf-field-settings\\\"><span class=\\\"nf-field-sub-settings\\\"><\\\/span><\\\/span><\\\/span><\\\/span><\\\/span><\\\/span><\\\/span><\\\/span><\\\/span><\\\/span><\\\/span><\\\/span><\\\/p><p><span id=\\\"nf-drawer-content\\\"><span class=\\\"nf-setting-groups\\\"><span class=\\\"nf-field-settings\\\"><span class=\\\"nf-field-sub-settings\\\"><span id=\\\"nf-drawer-content\\\"><span class=\\\"nf-setting-groups\\\"><span class=\\\"nf-field-settings\\\"><span class=\\\"nf-field-sub-settings\\\"><span id=\\\"nf-drawer-content\\\"><span class=\\\"nf-setting-groups\\\"><span class=\\\"nf-field-settings\\\"><span class=\\\"nf-field-sub-settings\\\">Der Workshop \\\"Patientenorientierung vs. Patientensteuerung: Prim\\u00e4rarztsystem als L\\u00f6sung von Terminnot bei Fach\\u00e4rzt*innen?\\\" ist hybrid organisiert. <b>Die Online-Variante ist derzeit ausgebucht<\\\/b>. Sie k\\u00f6nnen sich jedoch weiterhin f\\u00fcr den <b>Workshop vor Ort anmelden<\\\/b>. <b>Sollten Sie digital teilnehmen wollen, ist dies weiterhin m\\u00f6glich im Workshop \\\"Klimawandel: Neue gesundheitliche Versorgungsbedarfe ber\\u00fccksichtigen.\\\"<\\\/b><\\\/span><\\\/span><\\\/span><\\\/span><\\\/span><\\\/span><\\\/span><\\\/span><\\\/span><\\\/span><\\\/span><\\\/span><span id=\\\"nf-drawer-content\\\"><span class=\\\"nf-setting-groups\\\"><span class=\\\"nf-field-settings\\\"><span class=\\\"nf-field-sub-settings\\\"><span id=\\\"nf-drawer-content\\\"><span class=\\\"nf-setting-groups\\\"><span class=\\\"nf-field-settings\\\"><span class=\\\"nf-field-sub-settings\\\"><span id=\\\"nf-drawer-content\\\"><span class=\\\"nf-setting-groups\\\"><span class=\\\"nf-field-settings\\\"><span class=\\\"nf-field-sub-settings\\\"><br><\\\/span><\\\/span><\\\/span><\\\/span><\\\/span><\\\/span><\\\/span><\\\/span><\\\/span><\\\/span><\\\/span><\\\/span><br><\\\/p>\",\"drawerDisabled\":false,\"field_label\":\"An welchem Workshop nehmen Sie am Vormittag teil?\",\"field_key\":\"an_welchem_workshop_nehmen_sie_am_vormittag_teil_1694590939996\",\"id\":142,\"beforeField\":\"\",\"afterField\":\"\",\"value\":\"\",\"parentType\":\"list\",\"element_templates\":[\"listselect\",\"input\"],\"old_classname\":\"list-select\",\"wrap_template\":\"wrap\"},{\"objectType\":\"Field\",\"objectDomain\":\"fields\",\"editActive\":false,\"order\":3,\"idAttribute\":\"id\",\"label\":\"Wie m\\u00f6chten Sie an der Nachmittagsveranstaltung teilnehmen?\",\"type\":\"listselect\",\"key\":\"wie_moechten_sie_an_der_nachmittagsveranstaltung_teilnehmen_1726041165548\",\"label_pos\":\"above\",\"required\":1,\"options\":[{\"errors\":[],\"max_options\":\"0\",\"order\":\"0\",\"new\":\"\",\"options\":[],\"label\":\"\",\"value\":\"\",\"calc\":\"\",\"selected\":\"0\",\"settingModel\":{\"settings\":false,\"hide_merge_tags\":false,\"error\":false,\"name\":\"options\",\"type\":\"option-repeater\",\"label\":\"Optionen <a href=\\\"#\\\" class=\\\"nf-add-new\\\">Erstellen<\\\/a> <a href=\\\"#\\\" class=\\\"extra nf-open-import-tooltip\\\"><i class=\\\"fa fa-sign-in\\\" aria-hidden=\\\"true\\\"><\\\/i> Importieren<\\\/a>\",\"width\":\"full\",\"group\":\"\",\"value\":[{\"label\":\"Eins\",\"value\":\"eins\",\"calc\":\"\",\"selected\":0,\"order\":0},{\"label\":\"Zwei\",\"value\":\"zwei\",\"calc\":\"\",\"selected\":0,\"order\":1},{\"label\":\"Drei\",\"value\":\"drei\",\"calc\":\"\",\"selected\":0,\"order\":2}],\"columns\":{\"label\":{\"header\":\"Beschriftung\",\"default\":\"\"},\"value\":{\"header\":\"Wert\",\"default\":\"\"},\"calc\":{\"header\":\"Berechneter Wert\",\"default\":\"\"},\"selected\":{\"header\":\"<span class=\\\"dashicons dashicons-yes\\\"><\\\/span>\",\"default\":0}}}},{\"errors\":[],\"max_options\":\"0\",\"order\":\"1\",\"new\":\"\",\"options\":[],\"label\":\"digital\",\"value\":\"digital\",\"calc\":\"\",\"selected\":\"0\",\"settingModel\":{\"settings\":false,\"hide_merge_tags\":false,\"error\":false,\"name\":\"options\",\"type\":\"option-repeater\",\"label\":\"Optionen <a href=\\\"#\\\" class=\\\"nf-add-new\\\">Erstellen<\\\/a> <a href=\\\"#\\\" class=\\\"extra nf-open-import-tooltip\\\"><i class=\\\"fa fa-sign-in\\\" aria-hidden=\\\"true\\\"><\\\/i> Importieren<\\\/a>\",\"width\":\"full\",\"group\":\"\",\"value\":[{\"label\":\"Eins\",\"value\":\"eins\",\"calc\":\"\",\"selected\":0,\"order\":0},{\"label\":\"Zwei\",\"value\":\"zwei\",\"calc\":\"\",\"selected\":0,\"order\":1},{\"label\":\"Drei\",\"value\":\"drei\",\"calc\":\"\",\"selected\":0,\"order\":2}],\"columns\":{\"label\":{\"header\":\"Beschriftung\",\"default\":\"\"},\"value\":{\"header\":\"Wert\",\"default\":\"\"},\"calc\":{\"header\":\"Berechneter Wert\",\"default\":\"\"},\"selected\":{\"header\":\"<span class=\\\"dashicons dashicons-yes\\\"><\\\/span>\",\"default\":0}}}},{\"errors\":[],\"max_options\":\"0\",\"order\":\"2\",\"new\":\"\",\"options\":[],\"label\":\"vor Ort\",\"value\":\"vor-ort\",\"calc\":\"\",\"selected\":\"0\",\"settingModel\":{\"settings\":false,\"hide_merge_tags\":false,\"error\":false,\"name\":\"options\",\"type\":\"option-repeater\",\"label\":\"Optionen <a href=\\\"#\\\" class=\\\"nf-add-new\\\">Erstellen<\\\/a> <a href=\\\"#\\\" class=\\\"extra nf-open-import-tooltip\\\"><i class=\\\"fa fa-sign-in\\\" aria-hidden=\\\"true\\\"><\\\/i> Importieren<\\\/a>\",\"width\":\"full\",\"group\":\"\",\"value\":[{\"label\":\"Eins\",\"value\":\"eins\",\"calc\":\"\",\"selected\":0,\"order\":0},{\"label\":\"Zwei\",\"value\":\"zwei\",\"calc\":\"\",\"selected\":0,\"order\":1},{\"label\":\"Drei\",\"value\":\"drei\",\"calc\":\"\",\"selected\":0,\"order\":2}],\"columns\":{\"label\":{\"header\":\"Beschriftung\",\"default\":\"\"},\"value\":{\"header\":\"Wert\",\"default\":\"\"},\"calc\":{\"header\":\"Berechneter Wert\",\"default\":\"\"},\"selected\":{\"header\":\"<span class=\\\"dashicons dashicons-yes\\\"><\\\/span>\",\"default\":0}}}},{\"errors\":[],\"max_options\":\"0\",\"order\":\"3\",\"new\":\"\",\"options\":[],\"label\":\"Ich nehme nicht an der Nachmittagsveranstaltung teil.\",\"value\":\"ich-nehme-nicht-an-der-nachmittagsveranstaltung-teil\",\"calc\":\"\",\"selected\":\"0\",\"settingModel\":{\"settings\":false,\"hide_merge_tags\":false,\"error\":false,\"name\":\"options\",\"type\":\"option-repeater\",\"label\":\"Optionen <a href=\\\"#\\\" class=\\\"nf-add-new\\\">Erstellen<\\\/a> <a href=\\\"#\\\" class=\\\"extra nf-open-import-tooltip\\\"><i class=\\\"fa fa-sign-in\\\" aria-hidden=\\\"true\\\"><\\\/i> Importieren<\\\/a>\",\"width\":\"full\",\"group\":\"\",\"value\":[{\"label\":\"Eins\",\"value\":\"eins\",\"calc\":\"\",\"selected\":0,\"order\":0},{\"label\":\"Zwei\",\"value\":\"zwei\",\"calc\":\"\",\"selected\":0,\"order\":1},{\"label\":\"Drei\",\"value\":\"drei\",\"calc\":\"\",\"selected\":0,\"order\":2}],\"columns\":{\"label\":{\"header\":\"Beschriftung\",\"default\":\"\"},\"value\":{\"header\":\"Wert\",\"default\":\"\"},\"calc\":{\"header\":\"Berechneter Wert\",\"default\":\"\"},\"selected\":{\"header\":\"<span class=\\\"dashicons dashicons-yes\\\"><\\\/span>\",\"default\":0}}}}],\"container_class\":\"\",\"element_class\":\"\",\"admin_label\":\"\",\"help_text\":\"\",\"desc_text\":\"<p><span id=\\\"nf-drawer-content\\\"><span class=\\\"nf-setting-groups\\\"><span class=\\\"nf-field-settings\\\"><span class=\\\"nf-field-sub-settings\\\"><span id=\\\"nf-drawer-content\\\"><span class=\\\"nf-setting-groups\\\"><span class=\\\"nf-field-settings\\\"><span class=\\\"nf-field-sub-settings\\\"><span id=\\\"nf-drawer-content\\\"><span class=\\\"nf-setting-groups\\\"><span class=\\\"nf-field-settings\\\"><span class=\\\"nf-field-sub-settings\\\">Zur \\u00f6ffentlichen Diskussion am Nachmittag sind alle Interessierten eingeladen.<br><\\\/span><\\\/span><\\\/span><\\\/span><\\\/span><\\\/span><\\\/span><\\\/span><\\\/span><\\\/span><\\\/span><\\\/span><br><\\\/p>\",\"drawerDisabled\":false,\"field_label\":\"Wie m\\u00f6chten Sie an der Nachmittagsveranstaltung teilnehmen?\",\"field_key\":\"wie_moechten_sie_an_der_nachmittagsveranstaltung_teilnehmen_1726041165548\",\"id\":143,\"beforeField\":\"\",\"afterField\":\"\",\"value\":\"\",\"parentType\":\"list\",\"element_templates\":[\"listselect\",\"input\"],\"old_classname\":\"list-select\",\"wrap_template\":\"wrap\"},{\"objectType\":\"Field\",\"objectDomain\":\"fields\",\"editActive\":false,\"order\":4,\"idAttribute\":\"id\",\"label\":\"Trennung\",\"type\":\"hr\",\"container_class\":\"\",\"element_class\":\"\",\"key\":\"hr_1694590404213\",\"field_label\":\"Trennung\",\"field_key\":\"hr_1694590404213\",\"admin_label\":\"\",\"id\":144,\"beforeField\":\"\",\"afterField\":\"\",\"value\":\"\",\"label_pos\":\"above\",\"parentType\":\"hr\",\"element_templates\":[\"hr\",\"input\"],\"old_classname\":\"\",\"wrap_template\":\"wrap\"},{\"objectType\":\"Field\",\"objectDomain\":\"fields\",\"editActive\":false,\"order\":6,\"idAttribute\":\"id\",\"label\":\"Nachname\",\"type\":\"lastname\",\"key\":\"lastname_1729529719864\",\"label_pos\":\"above\",\"required\":1,\"default\":\"\",\"placeholder\":\"\",\"container_class\":\"\",\"element_class\":\"\",\"admin_label\":\"\",\"help_text\":\"\",\"custom_name_attribute\":\"lname\",\"personally_identifiable\":1,\"value\":\"\",\"drawerDisabled\":false,\"field_label\":\"Nachname\",\"field_key\":\"lastname_1729529719864\",\"id\":145,\"beforeField\":\"\",\"afterField\":\"\",\"parentType\":\"lastname\",\"element_templates\":[\"lastname\",\"input\"],\"old_classname\":\"\",\"wrap_template\":\"wrap\"},{\"objectType\":\"Field\",\"objectDomain\":\"fields\",\"editActive\":false,\"order\":7,\"idAttribute\":\"id\",\"label\":\"Vorname\",\"key\":\"vorname_1726479445127\",\"type\":\"firstname\",\"created_at\":\"2016-08-28 16:16:05\",\"label_pos\":\"above\",\"required\":1,\"default\":\"\",\"placeholder\":\"\",\"container_class\":\"one-half first\",\"element_class\":\"\",\"admin_label\":\"\",\"help_text\":\"\",\"desc_text\":\"\",\"field_label\":\"Vorname\",\"field_key\":\"vorname_1726479445127\",\"custom_name_attribute\":\"fname\",\"personally_identifiable\":1,\"value\":\"\",\"drawerDisabled\":\"\",\"id\":146,\"beforeField\":\"\",\"afterField\":\"\",\"parentType\":\"firstname\",\"element_templates\":[\"firstname\",\"input\"],\"old_classname\":\"\",\"wrap_template\":\"wrap\"},{\"objectType\":\"Field\",\"objectDomain\":\"fields\",\"editActive\":false,\"order\":8,\"idAttribute\":\"id\",\"label\":\"Email\",\"key\":\"email\",\"type\":\"email\",\"created_at\":\"2016-08-28 16:16:05\",\"label_pos\":\"above\",\"required\":1,\"default\":\"\",\"placeholder\":\"\",\"container_class\":\"one-half first\",\"element_class\":\"\",\"admin_label\":\"\",\"help_text\":\"\",\"desc_text\":\"\",\"field_label\":\"Email\",\"field_key\":\"email\",\"custom_name_attribute\":\"email\",\"personally_identifiable\":1,\"value\":\"\",\"id\":147,\"beforeField\":\"\",\"afterField\":\"\",\"parentType\":\"email\",\"element_templates\":[\"email\",\"input\"],\"old_classname\":\"\",\"wrap_template\":\"wrap\"},{\"objectType\":\"Field\",\"objectDomain\":\"fields\",\"editActive\":false,\"order\":9,\"idAttribute\":\"id\",\"label\":\"Telefonnummer\",\"key\":\"telefonnummer_1685097166426\",\"type\":\"textbox\",\"created_at\":\"2016-08-28 16:16:05\",\"label_pos\":\"above\",\"required\":0,\"placeholder\":\"\",\"default\":\"\",\"container_class\":\"one-half\",\"element_class\":\"\",\"input_limit\":\"\",\"input_limit_type\":\"characters\",\"input_limit_msg\":\"Character(s) left\",\"manual_key\":\"\",\"disable_input\":\"\",\"admin_label\":\"\",\"help_text\":\"\",\"desc_text\":\"\",\"disable_browser_autocomplete\":\"\",\"mask\":\"\",\"custom_mask\":\"\",\"field_label\":\"Telefonnummer\",\"field_key\":\"telefonnummer_1685097166426\",\"custom_name_attribute\":\"\",\"personally_identifiable\":\"\",\"value\":\"\",\"drawerDisabled\":\"\",\"id\":148,\"beforeField\":\"\",\"afterField\":\"\",\"parentType\":\"textbox\",\"element_templates\":[\"textbox\",\"input\"],\"old_classname\":\"\",\"wrap_template\":\"wrap\"},{\"objectType\":\"Field\",\"objectDomain\":\"fields\",\"editActive\":false,\"order\":10,\"idAttribute\":\"id\",\"type\":\"textbox\",\"label\":\"Engagiert in folgender Organisation \\\/ folgendem Gremium\",\"key\":\"engagiert_in_folgender_organisation_folgendem_gremium_1694591627673\",\"label_pos\":\"above\",\"required\":0,\"default\":\"\",\"placeholder\":\"\",\"container_class\":\"\",\"element_class\":\"\",\"input_limit\":\"\",\"input_limit_type\":\"characters\",\"input_limit_msg\":\"Character(s) left\",\"manual_key\":\"\",\"admin_label\":\"\",\"help_text\":\"\",\"mask\":\"\",\"custom_mask\":\"\",\"custom_name_attribute\":\"\",\"personally_identifiable\":\"\",\"value\":\"\",\"drawerDisabled\":false,\"field_label\":\"Engagiert in folgender Organisation \\\/ folgendem Gremium\",\"field_key\":\"engagiert_in_folgender_organisation_folgendem_gremium_1694591627673\",\"id\":149,\"beforeField\":\"\",\"afterField\":\"\",\"parentType\":\"textbox\",\"element_templates\":[\"textbox\",\"input\"],\"old_classname\":\"\",\"wrap_template\":\"wrap\"},{\"objectType\":\"Field\",\"objectDomain\":\"fields\",\"editActive\":false,\"order\":11,\"idAttribute\":\"id\",\"type\":\"textarea\",\"label\":\"Ich ben\\u00f6tige...\",\"key\":\"ich_benoetige_1726042773508\",\"label_pos\":\"above\",\"required\":\"\",\"default\":\"\",\"placeholder\":\"\",\"container_class\":\"\",\"element_class\":\"\",\"input_limit\":\"\",\"input_limit_type\":\"characters\",\"input_limit_msg\":\"Character(s) left\",\"manual_key\":\"\",\"admin_label\":\"\",\"help_text\":\"\",\"textarea_rte\":\"\",\"disable_rte_mobile\":\"\",\"textarea_media\":\"\",\"value\":\"\",\"drawerDisabled\":false,\"desc_text\":\"<p>Hier k\\u00f6nnen Sie uns Bedarfe zur Barrierefreiheit sowie zu ber\\u00fccksichtigende Unvertr\\u00e4glichkeiten bis zum 21. Oktober mitteilen. Wir werden uns im Rahmen der Planung ggf. dann nochmals bei Ihnen melden.<br><\\\/p>\",\"field_label\":\"Ich ben\\u00f6tige...\",\"field_key\":\"ich_benoetige_1726042773508\",\"id\":150,\"beforeField\":\"\",\"afterField\":\"\",\"parentType\":\"textarea\",\"element_templates\":[\"textarea\",\"input\"],\"old_classname\":\"\",\"wrap_template\":\"wrap\"},{\"objectType\":\"Field\",\"objectDomain\":\"fields\",\"editActive\":false,\"order\":12,\"idAttribute\":\"id\",\"type\":\"checkbox\",\"label\":\"Ich nehme in Begleitung einer Assistenz teil\",\"key\":\"ich_nehme_in_begleitung_einer_assistenz_teil_1687245760379\",\"label_pos\":\"right\",\"required\":\"\",\"container_class\":\"\",\"element_class\":\"\",\"manual_key\":\"\",\"admin_label\":\"\",\"help_text\":\"\",\"default_value\":\"unchecked\",\"checked_value\":\"Ausgew\\u00e4hlt\",\"unchecked_value\":\"Nicht ausgew\\u00e4hlt\",\"checked_calc_value\":\"\",\"unchecked_calc_value\":\"\",\"drawerDisabled\":\"\",\"field_label\":\"Ich nehme in Begleitung einer Assistenz teil\",\"field_key\":\"ich_nehme_in_begleitung_einer_assistenz_teil_1687245760379\",\"default\":\"unchecked\",\"value\":\"unchecked\",\"id\":151,\"beforeField\":\"\",\"afterField\":\"\",\"parentType\":\"checkbox\",\"element_templates\":[\"checkbox\",\"input\"],\"old_classname\":\"\",\"wrap_template\":\"wrap\"},{\"objectType\":\"Field\",\"objectDomain\":\"fields\",\"editActive\":false,\"order\":13,\"idAttribute\":\"id\",\"label\":\"Divider\",\"key\":\"hr_1\",\"type\":\"hr\",\"created_at\":\"2016-08-28 16:16:05\",\"container_class\":\"\",\"element_class\":\"\",\"field_label\":\"Divider\",\"field_key\":\"hr_1\",\"admin_label\":\"\",\"id\":152,\"beforeField\":\"\",\"afterField\":\"\",\"value\":\"\",\"label_pos\":\"above\",\"parentType\":\"hr\",\"element_templates\":[\"hr\",\"input\"],\"old_classname\":\"\",\"wrap_template\":\"wrap\"},{\"objectType\":\"Field\",\"objectDomain\":\"fields\",\"editActive\":false,\"order\":14,\"idAttribute\":\"id\",\"type\":\"listselect\",\"label\":\"Foto-\\\/Video-\\\/Audiomitschnitte\",\"key\":\"foto-_video-_audiomitschnitte_1694589769858\",\"label_pos\":\"above\",\"required\":1,\"options\":[{\"errors\":[],\"max_options\":\"0\",\"order\":\"0\",\"new\":\"\",\"options\":[],\"label\":\"\",\"value\":\"\",\"calc\":\"\",\"selected\":\"0\",\"settingModel\":{\"settings\":false,\"hide_merge_tags\":false,\"error\":false,\"name\":\"options\",\"type\":\"option-repeater\",\"label\":\"Optionen <a href=\\\"#\\\" class=\\\"nf-add-new\\\">Erstellen<\\\/a> <a href=\\\"#\\\" class=\\\"extra nf-open-import-tooltip\\\"><i class=\\\"fa fa-sign-in\\\" aria-hidden=\\\"true\\\"><\\\/i> Importieren<\\\/a>\",\"width\":\"full\",\"group\":\"\",\"value\":[{\"label\":\"Eins\",\"value\":\"eins\",\"calc\":\"\",\"selected\":0,\"order\":0},{\"label\":\"Zwei\",\"value\":\"zwei\",\"calc\":\"\",\"selected\":0,\"order\":1},{\"label\":\"Drei\",\"value\":\"drei\",\"calc\":\"\",\"selected\":0,\"order\":2}],\"columns\":{\"label\":{\"header\":\"Beschriftung\",\"default\":\"\"},\"value\":{\"header\":\"Wert\",\"default\":\"\"},\"calc\":{\"header\":\"Berechneter Wert\",\"default\":\"\"},\"selected\":{\"header\":\"<span class=\\\"dashicons dashicons-yes\\\"><\\\/span>\",\"default\":0}}}},{\"errors\":[],\"max_options\":\"0\",\"label\":\"Ich stimme nicht zu\",\"value\":\"ich-stimme-nicht-zu\",\"calc\":\"\",\"selected\":\"0\",\"order\":\"1\",\"settingModel\":{\"settings\":false,\"hide_merge_tags\":false,\"error\":false,\"name\":\"options\",\"type\":\"option-repeater\",\"label\":\"Optionen <a href=\\\"#\\\" class=\\\"nf-add-new\\\">Erstellen<\\\/a> <a href=\\\"#\\\" class=\\\"extra nf-open-import-tooltip\\\"><i class=\\\"fa fa-sign-in\\\" aria-hidden=\\\"true\\\"><\\\/i> Importieren<\\\/a>\",\"width\":\"full\",\"group\":\"\",\"value\":[{\"label\":\"Eins\",\"value\":\"eins\",\"calc\":\"\",\"selected\":0,\"order\":0},{\"label\":\"Zwei\",\"value\":\"zwei\",\"calc\":\"\",\"selected\":0,\"order\":1},{\"label\":\"Drei\",\"value\":\"drei\",\"calc\":\"\",\"selected\":0,\"order\":2}],\"columns\":{\"label\":{\"header\":\"Beschriftung\",\"default\":\"\"},\"value\":{\"header\":\"Wert\",\"default\":\"\"},\"calc\":{\"header\":\"Berechneter Wert\",\"default\":\"\"},\"selected\":{\"header\":\"<span class=\\\"dashicons dashicons-yes\\\"><\\\/span>\",\"default\":0}}}},{\"errors\":[],\"max_options\":\"0\",\"order\":\"2\",\"new\":\"\",\"options\":[],\"label\":\"Ich stimme zu\",\"value\":\"ich-stimme-zu\",\"calc\":\"\",\"selected\":\"0\",\"settingModel\":{\"settings\":false,\"hide_merge_tags\":false,\"error\":false,\"name\":\"options\",\"type\":\"option-repeater\",\"label\":\"Optionen <a href=\\\"#\\\" class=\\\"nf-add-new\\\">Erstellen<\\\/a> <a href=\\\"#\\\" class=\\\"extra nf-open-import-tooltip\\\"><i class=\\\"fa fa-sign-in\\\" aria-hidden=\\\"true\\\"><\\\/i> Importieren<\\\/a>\",\"width\":\"full\",\"group\":\"\",\"value\":[{\"label\":\"Eins\",\"value\":\"eins\",\"calc\":\"\",\"selected\":0,\"order\":0},{\"label\":\"Zwei\",\"value\":\"zwei\",\"calc\":\"\",\"selected\":0,\"order\":1},{\"label\":\"Drei\",\"value\":\"drei\",\"calc\":\"\",\"selected\":0,\"order\":2}],\"columns\":{\"label\":{\"header\":\"Beschriftung\",\"default\":\"\"},\"value\":{\"header\":\"Wert\",\"default\":\"\"},\"calc\":{\"header\":\"Berechneter Wert\",\"default\":\"\"},\"selected\":{\"header\":\"<span class=\\\"dashicons dashicons-yes\\\"><\\\/span>\",\"default\":0}}}}],\"container_class\":\"\",\"element_class\":\"\",\"admin_label\":\"\",\"help_text\":\"\",\"desc_text\":\"<p><span id=\\\"nf-drawer-content\\\"><span class=\\\"nf-setting-groups\\\"><span class=\\\"nf-field-settings\\\"><span class=\\\"nf-field-sub-settings\\\"><span id=\\\"nf-drawer-content\\\"><span class=\\\"nf-setting-groups\\\"><span class=\\\"nf-field-settings\\\"><span class=\\\"nf-field-sub-settings\\\"><span id=\\\"nf-drawer-content\\\"><span class=\\\"nf-setting-groups\\\"><span class=\\\"nf-field-settings\\\"><span class=\\\"nf-field-sub-settings\\\"><span id=\\\"nf-drawer-content\\\"><span class=\\\"nf-setting-groups\\\"><span class=\\\"nf-field-settings\\\"><span class=\\\"nf-field-sub-settings\\\">Ich stimme zu, dass zum Zwecke der \\u00d6ffentlichkeitsarbeit der <br>\\nProjektstelle Fotos, Audio- und Videoaufnahmen von mir gemacht <br>\\nwerden d\\u00fcrfen. Die so gespeicherten Daten d\\u00fcrfen ausschlie\\u00dflich zu <br>\\nZwecken der Information und der Vernetzung der Patientenbeteiligung in <br>\\nNRW verwendet werden. <\\\/span><\\\/span><\\\/span><\\\/span><\\\/span><\\\/span><\\\/span><\\\/span><\\\/span><\\\/span><\\\/span><\\\/span><\\\/span><\\\/span><\\\/span><\\\/span><span id=\\\"nf-drawer-content\\\"><span class=\\\"nf-setting-groups\\\"><span class=\\\"nf-field-settings\\\"><span class=\\\"nf-field-sub-settings\\\"><span id=\\\"nf-drawer-content\\\"><span class=\\\"nf-setting-groups\\\"><span class=\\\"nf-field-settings\\\"><span class=\\\"nf-field-sub-settings\\\"><\\\/span><\\\/span><\\\/span><\\\/span><\\\/span><\\\/span><\\\/span><\\\/span><br><\\\/p>\",\"drawerDisabled\":false,\"field_label\":\"Foto-\\\/Video-\\\/Audiomitschnitte\",\"field_key\":\"foto-_video-_audiomitschnitte_1694589769858\",\"id\":153,\"beforeField\":\"\",\"afterField\":\"\",\"value\":\"\",\"parentType\":\"list\",\"element_templates\":[\"listselect\",\"input\"],\"old_classname\":\"list-select\",\"wrap_template\":\"wrap\"},{\"objectType\":\"Field\",\"objectDomain\":\"fields\",\"editActive\":false,\"order\":15,\"idAttribute\":\"id\",\"type\":\"checkbox\",\"label\":\"Datenschutz\",\"key\":\"datenschutz_1685097783937\",\"label_pos\":\"right\",\"required\":1,\"container_class\":\"\",\"element_class\":\"\",\"manual_key\":\"\",\"admin_label\":\"\",\"help_text\":\"\",\"desc_text\":\"<p>Hiermit erkl\\u00e4re ich mich einverstanden, dass meine hier angegebenen Daten vom Projekt Koordinierung und Vernetzung der Patientenbeteiligung (Projekt des gesundheitsladen k\\u00f6ln e.V., Steinkopfstr. 2, 51065 K\\u00f6ln, datenschutzrechtlich verantwortlich Gregor Bornes) gespeichert werden. Die gespeicherten Daten d\\u00fcrfen ausschlie\\u00dflich zu Zwecken der Information und der Vernetzung der Patientenbeteiligung in NRW verwendet werden. Eine Weitergabe an Dritte erfolgt nicht. Die Datenerfassung erfolgt im Rahmen der DSGVO. Sie k\\u00f6nnen jederzeit die L\\u00f6schung Ihrer Daten beantragen.<\\\/p>\",\"default_value\":\"unchecked\",\"checked_value\":\"Checked\",\"unchecked_value\":\"Unchecked\",\"checked_calc_value\":\"\",\"unchecked_calc_value\":\"\",\"drawerDisabled\":\"\",\"field_label\":\"Datenschutz\",\"field_key\":\"datenschutz_1685097783937\",\"default\":\"unchecked\",\"value\":\"unchecked\",\"id\":154,\"beforeField\":\"\",\"afterField\":\"\",\"parentType\":\"checkbox\",\"element_templates\":[\"checkbox\",\"input\"],\"old_classname\":\"\",\"wrap_template\":\"wrap\"},{\"objectType\":\"Field\",\"objectDomain\":\"fields\",\"editActive\":false,\"order\":16,\"idAttribute\":\"id\",\"label\":\"Anmelden\",\"key\":\"anmelden_1685097810437\",\"type\":\"submit\",\"created_at\":\"2016-08-28 16:16:05\",\"processing_label\":\"Processing\",\"container_class\":\"\",\"element_class\":\"\",\"field_label\":\"Anmelden\",\"field_key\":\"anmelden_1685097810437\",\"drawerDisabled\":\"\",\"admin_label\":\"\",\"id\":155,\"beforeField\":\"\",\"afterField\":\"\",\"value\":\"\",\"label_pos\":\"above\",\"parentType\":\"textbox\",\"element_templates\":[\"submit\",\"button\",\"input\"],\"old_classname\":\"\",\"wrap_template\":\"wrap-no-label\"},{\"objectType\":\"Field\",\"objectDomain\":\"fields\",\"editActive\":false,\"order\":17,\"idAttribute\":\"id\",\"label\":\"Trennung\",\"type\":\"hr\",\"container_class\":\"\",\"element_class\":\"\",\"key\":\"hr_1694590392693\",\"field_label\":\"Trennung\",\"field_key\":\"hr_1694590392693\",\"admin_label\":\"\",\"id\":156,\"beforeField\":\"\",\"afterField\":\"\",\"value\":\"\",\"label_pos\":\"above\",\"parentType\":\"hr\",\"element_templates\":[\"hr\",\"input\"],\"old_classname\":\"\",\"wrap_template\":\"wrap\"}];nfForms.push(form);<\/script>\n        \n<\/div>\n<\/div>\n<\/div>\n","protected":false},"excerpt":{"rendered":"<p>Im November jedes Jahres veranstaltet die Projektstelle Patientenbeteiligung NRW eine Fachtagung f\u00fcr Patientenvertreter*innen und Interessierte. Gemeinsam mit externen G\u00e4sten reflektieren Patientenvertreter*innen und Netzwerkpartner*innen aktuelle Themen des Gesundheitswesens. Eine Teilnahme ist sowohl vor Ort als auch online m\u00f6glich.<\/p>\n","protected":false},"author":15,"featured_media":6937,"template":"","meta":{"_acf_changed":false,"_tribe_events_status":"","_tribe_events_status_reason":"","footnotes":""},"tags":[],"tribe_events_cat":[],"class_list":["post-6661","tribe_events","type-tribe_events","status-publish","has-post-thumbnail","hentry"],"acf":[],"yoast_head":"<!-- This site is optimized with the Yoast SEO plugin v24.9 - https:\/\/yoast.com\/wordpress\/plugins\/seo\/ -->\n<title>Jahrestagung Patientenbeteiligung NRW 2025 - Patientenbeteiligung NRW<\/title>\n<meta name=\"robots\" content=\"index, follow, max-snippet:-1, max-image-preview:large, max-video-preview:-1\" \/>\n<link rel=\"canonical\" href=\"https:\/\/www.patientenbeteiligung.de\/nrw\/termin\/jahrestagung-patientenbeteiligung-nrw-2025\/\" \/>\n<meta property=\"og:locale\" content=\"de_DE\" \/>\n<meta property=\"og:type\" content=\"article\" \/>\n<meta property=\"og:title\" content=\"Jahrestagung Patientenbeteiligung NRW 2025 - Patientenbeteiligung NRW\" \/>\n<meta property=\"og:description\" content=\"Im November jedes Jahres veranstaltet die Projektstelle Patientenbeteiligung NRW eine Fachtagung f\u00fcr Patientenvertreter*innen und Interessierte. Gemeinsam mit externen G\u00e4sten reflektieren Patientenvertreter*innen und Netzwerkpartner*innen aktuelle Themen des Gesundheitswesens. Eine Teilnahme ist sowohl vor Ort als auch online m\u00f6glich.\" \/>\n<meta property=\"og:url\" content=\"https:\/\/www.patientenbeteiligung.de\/nrw\/termin\/jahrestagung-patientenbeteiligung-nrw-2025\/\" \/>\n<meta property=\"og:site_name\" content=\"Patientenbeteiligung NRW\" \/>\n<meta property=\"article:modified_time\" content=\"2025-10-14T08:40:08+00:00\" \/>\n<meta property=\"og:image\" content=\"https:\/\/www.patientenbeteiligung.de\/nrw\/wp-content\/uploads\/sites\/12\/2025\/03\/Veranstaltungsbild-1.png\" \/>\n\t<meta property=\"og:image:width\" content=\"1136\" \/>\n\t<meta property=\"og:image:height\" content=\"764\" \/>\n\t<meta property=\"og:image:type\" content=\"image\/png\" \/>\n<meta name=\"twitter:card\" content=\"summary_large_image\" \/>\n<meta name=\"twitter:label1\" content=\"Gesch\u00e4tzte Lesezeit\" \/>\n\t<meta name=\"twitter:data1\" content=\"2\u00a0Minuten\" \/>\n<script type=\"application\/ld+json\" class=\"yoast-schema-graph\">{\"@context\":\"https:\/\/schema.org\",\"@graph\":[{\"@type\":\"WebPage\",\"@id\":\"https:\/\/www.patientenbeteiligung.de\/nrw\/termin\/jahrestagung-patientenbeteiligung-nrw-2025\/\",\"url\":\"https:\/\/www.patientenbeteiligung.de\/nrw\/termin\/jahrestagung-patientenbeteiligung-nrw-2025\/\",\"name\":\"Jahrestagung Patientenbeteiligung NRW 2025 - Patientenbeteiligung NRW\",\"isPartOf\":{\"@id\":\"https:\/\/www.patientenbeteiligung.de\/nrw\/#website\"},\"primaryImageOfPage\":{\"@id\":\"https:\/\/www.patientenbeteiligung.de\/nrw\/termin\/jahrestagung-patientenbeteiligung-nrw-2025\/#primaryimage\"},\"image\":{\"@id\":\"https:\/\/www.patientenbeteiligung.de\/nrw\/termin\/jahrestagung-patientenbeteiligung-nrw-2025\/#primaryimage\"},\"thumbnailUrl\":\"https:\/\/www.patientenbeteiligung.de\/nrw\/wp-content\/uploads\/sites\/12\/2025\/03\/Veranstaltungsbild-1.png\",\"datePublished\":\"2025-03-24T06:45:35+00:00\",\"dateModified\":\"2025-10-14T08:40:08+00:00\",\"breadcrumb\":{\"@id\":\"https:\/\/www.patientenbeteiligung.de\/nrw\/termin\/jahrestagung-patientenbeteiligung-nrw-2025\/#breadcrumb\"},\"inLanguage\":\"de\",\"potentialAction\":[{\"@type\":\"ReadAction\",\"target\":[\"https:\/\/www.patientenbeteiligung.de\/nrw\/termin\/jahrestagung-patientenbeteiligung-nrw-2025\/\"]}]},{\"@type\":\"ImageObject\",\"inLanguage\":\"de\",\"@id\":\"https:\/\/www.patientenbeteiligung.de\/nrw\/termin\/jahrestagung-patientenbeteiligung-nrw-2025\/#primaryimage\",\"url\":\"https:\/\/www.patientenbeteiligung.de\/nrw\/wp-content\/uploads\/sites\/12\/2025\/03\/Veranstaltungsbild-1.png\",\"contentUrl\":\"https:\/\/www.patientenbeteiligung.de\/nrw\/wp-content\/uploads\/sites\/12\/2025\/03\/Veranstaltungsbild-1.png\",\"width\":1136,\"height\":764,\"caption\":\"Jahrestagung 2025, \u00a9 Projektstelle Patientenbeteiligung NRW 2025\"},{\"@type\":\"BreadcrumbList\",\"@id\":\"https:\/\/www.patientenbeteiligung.de\/nrw\/termin\/jahrestagung-patientenbeteiligung-nrw-2025\/#breadcrumb\",\"itemListElement\":[{\"@type\":\"ListItem\",\"position\":1,\"name\":\"Patientenbeteiligung\",\"item\":\"https:\/\/www.patientenbeteiligung.de\"},{\"@type\":\"ListItem\",\"position\":2,\"name\":\"Nordrhein-Westfalen\",\"item\":\"https:\/\/www.patientenbeteiligung.de\/nrw\/\"},{\"@type\":\"ListItem\",\"position\":3,\"name\":\"Veranstaltungen\",\"item\":\"https:\/\/www.patientenbeteiligung.de\/nrw\/termine\/\"},{\"@type\":\"ListItem\",\"position\":4,\"name\":\"Jahrestagung Patientenbeteiligung NRW 2025\"}]},{\"@type\":\"WebSite\",\"@id\":\"https:\/\/www.patientenbeteiligung.de\/nrw\/#website\",\"url\":\"https:\/\/www.patientenbeteiligung.de\/nrw\/\",\"name\":\"Patientenbeteiligung NRW\",\"description\":\"\",\"potentialAction\":[{\"@type\":\"SearchAction\",\"target\":{\"@type\":\"EntryPoint\",\"urlTemplate\":\"https:\/\/www.patientenbeteiligung.de\/nrw\/?s={search_term_string}\"},\"query-input\":{\"@type\":\"PropertyValueSpecification\",\"valueRequired\":true,\"valueName\":\"search_term_string\"}}],\"inLanguage\":\"de\"}]}<\/script>\n<!-- \/ Yoast SEO plugin. -->","yoast_head_json":{"title":"Jahrestagung Patientenbeteiligung NRW 2025 - Patientenbeteiligung NRW","robots":{"index":"index","follow":"follow","max-snippet":"max-snippet:-1","max-image-preview":"max-image-preview:large","max-video-preview":"max-video-preview:-1"},"canonical":"https:\/\/www.patientenbeteiligung.de\/nrw\/termin\/jahrestagung-patientenbeteiligung-nrw-2025\/","og_locale":"de_DE","og_type":"article","og_title":"Jahrestagung Patientenbeteiligung NRW 2025 - Patientenbeteiligung NRW","og_description":"Im November jedes Jahres veranstaltet die Projektstelle Patientenbeteiligung NRW eine Fachtagung f\u00fcr Patientenvertreter*innen und Interessierte. Gemeinsam mit externen G\u00e4sten reflektieren Patientenvertreter*innen und Netzwerkpartner*innen aktuelle Themen des Gesundheitswesens. Eine Teilnahme ist sowohl vor Ort als auch online m\u00f6glich.","og_url":"https:\/\/www.patientenbeteiligung.de\/nrw\/termin\/jahrestagung-patientenbeteiligung-nrw-2025\/","og_site_name":"Patientenbeteiligung NRW","article_modified_time":"2025-10-14T08:40:08+00:00","og_image":[{"width":1136,"height":764,"url":"https:\/\/www.patientenbeteiligung.de\/nrw\/wp-content\/uploads\/sites\/12\/2025\/03\/Veranstaltungsbild-1.png","type":"image\/png"}],"twitter_card":"summary_large_image","twitter_misc":{"Gesch\u00e4tzte Lesezeit":"2\u00a0Minuten"},"schema":{"@context":"https:\/\/schema.org","@graph":[{"@type":"WebPage","@id":"https:\/\/www.patientenbeteiligung.de\/nrw\/termin\/jahrestagung-patientenbeteiligung-nrw-2025\/","url":"https:\/\/www.patientenbeteiligung.de\/nrw\/termin\/jahrestagung-patientenbeteiligung-nrw-2025\/","name":"Jahrestagung Patientenbeteiligung NRW 2025 - Patientenbeteiligung NRW","isPartOf":{"@id":"https:\/\/www.patientenbeteiligung.de\/nrw\/#website"},"primaryImageOfPage":{"@id":"https:\/\/www.patientenbeteiligung.de\/nrw\/termin\/jahrestagung-patientenbeteiligung-nrw-2025\/#primaryimage"},"image":{"@id":"https:\/\/www.patientenbeteiligung.de\/nrw\/termin\/jahrestagung-patientenbeteiligung-nrw-2025\/#primaryimage"},"thumbnailUrl":"https:\/\/www.patientenbeteiligung.de\/nrw\/wp-content\/uploads\/sites\/12\/2025\/03\/Veranstaltungsbild-1.png","datePublished":"2025-03-24T06:45:35+00:00","dateModified":"2025-10-14T08:40:08+00:00","breadcrumb":{"@id":"https:\/\/www.patientenbeteiligung.de\/nrw\/termin\/jahrestagung-patientenbeteiligung-nrw-2025\/#breadcrumb"},"inLanguage":"de","potentialAction":[{"@type":"ReadAction","target":["https:\/\/www.patientenbeteiligung.de\/nrw\/termin\/jahrestagung-patientenbeteiligung-nrw-2025\/"]}]},{"@type":"ImageObject","inLanguage":"de","@id":"https:\/\/www.patientenbeteiligung.de\/nrw\/termin\/jahrestagung-patientenbeteiligung-nrw-2025\/#primaryimage","url":"https:\/\/www.patientenbeteiligung.de\/nrw\/wp-content\/uploads\/sites\/12\/2025\/03\/Veranstaltungsbild-1.png","contentUrl":"https:\/\/www.patientenbeteiligung.de\/nrw\/wp-content\/uploads\/sites\/12\/2025\/03\/Veranstaltungsbild-1.png","width":1136,"height":764,"caption":"Jahrestagung 2025, \u00a9 Projektstelle Patientenbeteiligung NRW 2025"},{"@type":"BreadcrumbList","@id":"https:\/\/www.patientenbeteiligung.de\/nrw\/termin\/jahrestagung-patientenbeteiligung-nrw-2025\/#breadcrumb","itemListElement":[{"@type":"ListItem","position":1,"name":"Patientenbeteiligung","item":"https:\/\/www.patientenbeteiligung.de"},{"@type":"ListItem","position":2,"name":"Nordrhein-Westfalen","item":"https:\/\/www.patientenbeteiligung.de\/nrw\/"},{"@type":"ListItem","position":3,"name":"Veranstaltungen","item":"https:\/\/www.patientenbeteiligung.de\/nrw\/termine\/"},{"@type":"ListItem","position":4,"name":"Jahrestagung Patientenbeteiligung NRW 2025"}]},{"@type":"WebSite","@id":"https:\/\/www.patientenbeteiligung.de\/nrw\/#website","url":"https:\/\/www.patientenbeteiligung.de\/nrw\/","name":"Patientenbeteiligung NRW","description":"","potentialAction":[{"@type":"SearchAction","target":{"@type":"EntryPoint","urlTemplate":"https:\/\/www.patientenbeteiligung.de\/nrw\/?s={search_term_string}"},"query-input":{"@type":"PropertyValueSpecification","valueRequired":true,"valueName":"search_term_string"}}],"inLanguage":"de"}]}},"_links":{"self":[{"href":"https:\/\/www.patientenbeteiligung.de\/nrw\/wp-json\/wp\/v2\/tribe_events\/6661","targetHints":{"allow":["GET"]}}],"collection":[{"href":"https:\/\/www.patientenbeteiligung.de\/nrw\/wp-json\/wp\/v2\/tribe_events"}],"about":[{"href":"https:\/\/www.patientenbeteiligung.de\/nrw\/wp-json\/wp\/v2\/types\/tribe_events"}],"author":[{"embeddable":true,"href":"https:\/\/www.patientenbeteiligung.de\/nrw\/wp-json\/wp\/v2\/users\/15"}],"version-history":[{"count":9,"href":"https:\/\/www.patientenbeteiligung.de\/nrw\/wp-json\/wp\/v2\/tribe_events\/6661\/revisions"}],"predecessor-version":[{"id":7033,"href":"https:\/\/www.patientenbeteiligung.de\/nrw\/wp-json\/wp\/v2\/tribe_events\/6661\/revisions\/7033"}],"wp:featuredmedia":[{"embeddable":true,"href":"https:\/\/www.patientenbeteiligung.de\/nrw\/wp-json\/wp\/v2\/media\/6937"}],"wp:attachment":[{"href":"https:\/\/www.patientenbeteiligung.de\/nrw\/wp-json\/wp\/v2\/media?parent=6661"}],"wp:term":[{"taxonomy":"post_tag","embeddable":true,"href":"https:\/\/www.patientenbeteiligung.de\/nrw\/wp-json\/wp\/v2\/tags?post=6661"},{"taxonomy":"tribe_events_cat","embeddable":true,"href":"https:\/\/www.patientenbeteiligung.de\/nrw\/wp-json\/wp\/v2\/tribe_events_cat?post=6661"}],"curies":[{"name":"wp","href":"https:\/\/api.w.org\/{rel}","templated":true}]}}