{"id":6636,"date":"2025-03-06T14:14:22","date_gmt":"2025-03-06T13:14:22","guid":{"rendered":"https:\/\/www.patientenbeteiligung.de\/nrw\/?post_type=tribe_events&#038;p=6636"},"modified":"2025-04-03T10:56:34","modified_gmt":"2025-04-03T08:56:34","slug":"regionale-patientenforen","status":"publish","type":"tribe_events","link":"https:\/\/www.patientenbeteiligung.de\/nrw\/termin\/regionale-patientenforen\/","title":{"rendered":"Regionale Patientenforen"},"content":{"rendered":"<p>Seit 2022 laden wir als Projektstelle der Patientenbeteiligung in NRW zu Regionalen Patientenforen ein. Auf den Patientenforen k\u00f6nnen sich kommunale Patientenvertreter*innen zu ihren Themen austauschen und vernetzen. Zur kommunalen Patientenvertretung z\u00e4hlen alle, die sich f\u00fcr Nutzerinteressen im kommunalen Gesundheitswesen einsetzen: Selbsthilfe-Kontaktstellen und Selbsthilfe-Aktive, Patientenberatungsstellen, Senioren- und<br \/>\nInklusionsvertretungen, Engagierte in den Psychosozialen Arbeitsgemeinschaften, Patientenf\u00fcrsprechende, Sozialverb\u00e4nde und viele mehr. Die Patientenforen sollen dazu ermuntern, sich aktiv gemeinsam f\u00fcr Verbesserungen in der Gesundheitsversorgung einzusetzen.<strong><br \/>\n<\/strong><\/p>\n<p><strong>Termine:<\/strong><\/p>\n<p>jeweils 10:00-15:00 Uhr<\/p>\n<p>13.05.\u00a0 Bielefeld<\/p>\n<p>20.05.\u00a0 K\u00f6ln<\/p>\n<p>26.05.\u00a0 Dortmund<\/p>\n<p>04.06.\u00a0 D\u00fcsseldorf<\/p>\n<p>12.06.\u00a0 M\u00fcnster<\/p>\n<p><strong>Weitere Informationen k\u00f6nnt ihr dem <a href=\"https:\/\/www.patientenbeteiligung.de\/nrw\/wp-content\/uploads\/sites\/12\/2025\/04\/Einladung-Regionale-Patientenforen-2025.pdf\" target=\"_blank\" rel=\"noopener\">hier<\/a> verlinkten Einladungsflyer entnehmen. Eine barrierearme Variante ist <a href=\"https:\/\/www.patientenbeteiligung.de\/nrw\/wp-content\/uploads\/sites\/12\/2025\/04\/Einladung-Regionale-Patientenforen-2025-barrierearm.pdf\" target=\"_blank\" rel=\"noopener\">hier<\/a> verlinkt. Weiter unten k\u00f6nnt ihr euch f\u00fcr die Veranstaltung anmelden.<\/strong><\/p>\n<p>&nbsp;<\/p>\n<p>&nbsp;<\/p>\n<noscript class=\"ninja-forms-noscript-message\">\n\tHinweis: F\u00fcr diesen Inhalt ist JavaScript erforderlich.<\/noscript>\nKeine Felder gefunden.<div id=\"nf-form-8-cont\" class=\"nf-form-cont\" aria-live=\"polite\" aria-labelledby=\"nf-form-title-8\" aria-describedby=\"nf-form-errors-8\" role=\"form\">\n\n    <div class=\"nf-loading-spinner\"><\/div>\n\n<\/div>\n        <!-- That data is being printed as a workaround to page builders reordering the order of the scripts loaded-->\n        <script>var formDisplay=1;var nfForms=nfForms||[];var form=[];form.id='8';form.settings={\"ninjaForms\":\"Ninja Forms\",\"changeEmailErrorMsg\":\"Bitte gib eine g\\u00fcltige E-Mail-Adresse ein.\",\"changeDateErrorMsg\":\"Bitte gib ein g\\u00fcltiges Datum ein!\",\"confirmFieldErrorMsg\":\"Diese Felder m\\u00fcssen \\u00fcbereinstimmen!\",\"fieldNumberNumMinError\":\"Die eingegebene Zahl ist zu klein.\",\"fieldNumberNumMaxError\":\"Die eingegebene Zahl ist zu gross.\",\"fieldNumberIncrementBy\":\"Bitte erh\\u00f6hen in Schritten von\",\"fieldTextareaRTEInsertLink\":\"Link einf\\u00fcgen\",\"fieldTextareaRTEInsertMedia\":\"Medien einf\\u00fcgen\",\"fieldTextareaRTESelectAFile\":\"Eine Datei ausw\\u00e4hlen\",\"formErrorsCorrectErrors\":\"Bitte korrigiere die Fehler, bevor du das Formular sendest.\",\"formHoneypot\":\"Falls du ein Mensch bist und dieses Feld siehst, dann lasse es bitte leer.\",\"validateRequiredField\":\"Dies ist ein Pflichtfeld.\",\"honeypotHoneypotError\":\"Honeypot-Fehler\",\"fileUploadOldCodeFileUploadInProgress\":\"Datei-Upload l\\u00e4uft.\",\"fileUploadOldCodeFileUpload\":\"DATEI-UPLOAD\",\"currencySymbol\":false,\"fieldsMarkedRequired\":\"Felder mit einem <span class=\\\"ninja-forms-req-symbol\\\">*<\\\/span> sind Pflichtfelder\",\"thousands_sep\":\".\",\"decimal_point\":\",\",\"siteLocale\":\"de_DE\",\"dateFormat\":\"m\\\/d\\\/Y\",\"startOfWeek\":\"1\",\"of\":\"von\",\"previousMonth\":\"Vorheriger Monat\",\"nextMonth\":\"N\\u00e4chster Monat\",\"months\":[\"Januar\",\"Februar\",\"M\\u00e4rz\",\"April\",\"Mai\",\"Juni\",\"Juli\",\"August\",\"September\",\"Oktober\",\"November\",\"Dezember\"],\"monthsShort\":[\"Jan\",\"Feb\",\"Mrz\",\"Apr\",\"Mai\",\"Jun\",\"Jul\",\"Aug\",\"Sep\",\"Okt\",\"Nov\",\"Dez\"],\"weekdays\":[\"Sonntag\",\"Montag\",\"Dienstag\",\"Mittwoch\",\"Donnerstag\",\"Freitag\",\"Samstag\"],\"weekdaysShort\":[\"So\",\"Mo\",\"Die\",\"Mi\",\"Do\",\"Fr\",\"Sa\"],\"weekdaysMin\":[\"So\",\"Mo\",\"Di\",\"Mi\",\"Do\",\"Fr\",\"Sa\"],\"recaptchaConsentMissing\":\"reCaptcha validation couldn&#039;t load.\",\"recaptchaMissingCookie\":\"reCaptcha v3 validation couldn&#039;t load the cookie needed to submit the form.\",\"recaptchaConsentEvent\":\"Accept reCaptcha cookies before sending the form.\",\"embed_form\":\"\",\"currency_symbol\":\"\",\"title\":\"\",\"beforeForm\":\"\",\"beforeFields\":\"\",\"afterFields\":\"\",\"afterForm\":\"\"};form.fields=[];nfForms.push(form);<\/script>\n        \n","protected":false},"excerpt":{"rendered":"<p>Seit 2022 laden wir als Projektstelle der Patientenbeteiligung in NRW zu Regionalen Patientenforen ein. Auf den Patientenforen k\u00f6nnen sich kommunale Patientenvertreter*innen zu ihren Themen austauschen und vernetzen. Zur kommunalen Patientenvertretung <a href=\"https:\/\/www.patientenbeteiligung.de\/nrw\/termin\/regionale-patientenforen\/\">Weiter lesen<\/a><\/p>\n","protected":false},"author":15,"featured_media":5170,"template":"","meta":{"_acf_changed":false,"_tribe_events_status":"","_tribe_events_status_reason":"","footnotes":""},"tags":[],"tribe_events_cat":[],"class_list":["post-6636","tribe_events","type-tribe_events","status-publish","has-post-thumbnail","hentry"],"acf":[],"yoast_head":"<!-- This site is optimized with the Yoast SEO plugin v24.9 - https:\/\/yoast.com\/wordpress\/plugins\/seo\/ -->\n<title>Regionale Patientenforen - Patientenbeteiligung NRW<\/title>\n<meta name=\"robots\" content=\"index, follow, max-snippet:-1, max-image-preview:large, max-video-preview:-1\" \/>\n<link rel=\"canonical\" href=\"https:\/\/www.patientenbeteiligung.de\/nrw\/termin\/regionale-patientenforen\/\" \/>\n<meta property=\"og:locale\" content=\"de_DE\" \/>\n<meta property=\"og:type\" content=\"article\" \/>\n<meta property=\"og:title\" content=\"Regionale Patientenforen - Patientenbeteiligung NRW\" \/>\n<meta property=\"og:description\" content=\"Seit 2022 laden wir als Projektstelle der Patientenbeteiligung in NRW zu Regionalen Patientenforen ein. Auf den Patientenforen k\u00f6nnen sich kommunale Patientenvertreter*innen zu ihren Themen austauschen und vernetzen. Zur kommunalen Patientenvertretung Weiter lesen\" \/>\n<meta property=\"og:url\" content=\"https:\/\/www.patientenbeteiligung.de\/nrw\/termin\/regionale-patientenforen\/\" \/>\n<meta property=\"og:site_name\" content=\"Patientenbeteiligung NRW\" \/>\n<meta property=\"article:modified_time\" content=\"2025-04-03T08:56:34+00:00\" \/>\n<meta property=\"og:image\" content=\"https:\/\/www.patientenbeteiligung.de\/nrw\/wp-content\/uploads\/sites\/12\/2023\/10\/IMG_3093-scaled-1.jpg\" \/>\n\t<meta property=\"og:image:width\" content=\"2560\" \/>\n\t<meta property=\"og:image:height\" content=\"1440\" \/>\n\t<meta property=\"og:image:type\" content=\"image\/jpeg\" \/>\n<meta name=\"twitter:card\" content=\"summary_large_image\" \/>\n<meta name=\"twitter:label1\" content=\"Gesch\u00e4tzte Lesezeit\" \/>\n\t<meta name=\"twitter:data1\" content=\"1\u00a0Minute\" \/>\n<script type=\"application\/ld+json\" class=\"yoast-schema-graph\">{\"@context\":\"https:\/\/schema.org\",\"@graph\":[{\"@type\":\"WebPage\",\"@id\":\"https:\/\/www.patientenbeteiligung.de\/nrw\/termin\/regionale-patientenforen\/\",\"url\":\"https:\/\/www.patientenbeteiligung.de\/nrw\/termin\/regionale-patientenforen\/\",\"name\":\"Regionale Patientenforen - Patientenbeteiligung NRW\",\"isPartOf\":{\"@id\":\"https:\/\/www.patientenbeteiligung.de\/nrw\/#website\"},\"primaryImageOfPage\":{\"@id\":\"https:\/\/www.patientenbeteiligung.de\/nrw\/termin\/regionale-patientenforen\/#primaryimage\"},\"image\":{\"@id\":\"https:\/\/www.patientenbeteiligung.de\/nrw\/termin\/regionale-patientenforen\/#primaryimage\"},\"thumbnailUrl\":\"https:\/\/www.patientenbeteiligung.de\/nrw\/wp-content\/uploads\/sites\/12\/2023\/10\/IMG_3093-scaled-1.jpg\",\"datePublished\":\"2025-03-06T13:14:22+00:00\",\"dateModified\":\"2025-04-03T08:56:34+00:00\",\"breadcrumb\":{\"@id\":\"https:\/\/www.patientenbeteiligung.de\/nrw\/termin\/regionale-patientenforen\/#breadcrumb\"},\"inLanguage\":\"de\",\"potentialAction\":[{\"@type\":\"ReadAction\",\"target\":[\"https:\/\/www.patientenbeteiligung.de\/nrw\/termin\/regionale-patientenforen\/\"]}]},{\"@type\":\"ImageObject\",\"inLanguage\":\"de\",\"@id\":\"https:\/\/www.patientenbeteiligung.de\/nrw\/termin\/regionale-patientenforen\/#primaryimage\",\"url\":\"https:\/\/www.patientenbeteiligung.de\/nrw\/wp-content\/uploads\/sites\/12\/2023\/10\/IMG_3093-scaled-1.jpg\",\"contentUrl\":\"https:\/\/www.patientenbeteiligung.de\/nrw\/wp-content\/uploads\/sites\/12\/2023\/10\/IMG_3093-scaled-1.jpg\",\"width\":2560,\"height\":1440,\"caption\":\"Teilnehmende des vergangenen Regionalen Patientenforums in K\u00f6ln\"},{\"@type\":\"BreadcrumbList\",\"@id\":\"https:\/\/www.patientenbeteiligung.de\/nrw\/termin\/regionale-patientenforen\/#breadcrumb\",\"itemListElement\":[{\"@type\":\"ListItem\",\"position\":1,\"name\":\"Patientenbeteiligung\",\"item\":\"https:\/\/www.patientenbeteiligung.de\"},{\"@type\":\"ListItem\",\"position\":2,\"name\":\"Nordrhein-Westfalen\",\"item\":\"https:\/\/www.patientenbeteiligung.de\/nrw\/\"},{\"@type\":\"ListItem\",\"position\":3,\"name\":\"Veranstaltungen\",\"item\":\"https:\/\/www.patientenbeteiligung.de\/nrw\/termine\/\"},{\"@type\":\"ListItem\",\"position\":4,\"name\":\"Regionale Patientenforen\"}]},{\"@type\":\"WebSite\",\"@id\":\"https:\/\/www.patientenbeteiligung.de\/nrw\/#website\",\"url\":\"https:\/\/www.patientenbeteiligung.de\/nrw\/\",\"name\":\"Patientenbeteiligung NRW\",\"description\":\"\",\"potentialAction\":[{\"@type\":\"SearchAction\",\"target\":{\"@type\":\"EntryPoint\",\"urlTemplate\":\"https:\/\/www.patientenbeteiligung.de\/nrw\/?s={search_term_string}\"},\"query-input\":{\"@type\":\"PropertyValueSpecification\",\"valueRequired\":true,\"valueName\":\"search_term_string\"}}],\"inLanguage\":\"de\"}]}<\/script>\n<!-- \/ Yoast SEO plugin. -->","yoast_head_json":{"title":"Regionale Patientenforen - Patientenbeteiligung NRW","robots":{"index":"index","follow":"follow","max-snippet":"max-snippet:-1","max-image-preview":"max-image-preview:large","max-video-preview":"max-video-preview:-1"},"canonical":"https:\/\/www.patientenbeteiligung.de\/nrw\/termin\/regionale-patientenforen\/","og_locale":"de_DE","og_type":"article","og_title":"Regionale Patientenforen - Patientenbeteiligung NRW","og_description":"Seit 2022 laden wir als Projektstelle der Patientenbeteiligung in NRW zu Regionalen Patientenforen ein. Auf den Patientenforen k\u00f6nnen sich kommunale Patientenvertreter*innen zu ihren Themen austauschen und vernetzen. Zur kommunalen Patientenvertretung Weiter lesen","og_url":"https:\/\/www.patientenbeteiligung.de\/nrw\/termin\/regionale-patientenforen\/","og_site_name":"Patientenbeteiligung NRW","article_modified_time":"2025-04-03T08:56:34+00:00","og_image":[{"width":2560,"height":1440,"url":"https:\/\/www.patientenbeteiligung.de\/nrw\/wp-content\/uploads\/sites\/12\/2023\/10\/IMG_3093-scaled-1.jpg","type":"image\/jpeg"}],"twitter_card":"summary_large_image","twitter_misc":{"Gesch\u00e4tzte Lesezeit":"1\u00a0Minute"},"schema":{"@context":"https:\/\/schema.org","@graph":[{"@type":"WebPage","@id":"https:\/\/www.patientenbeteiligung.de\/nrw\/termin\/regionale-patientenforen\/","url":"https:\/\/www.patientenbeteiligung.de\/nrw\/termin\/regionale-patientenforen\/","name":"Regionale Patientenforen - Patientenbeteiligung NRW","isPartOf":{"@id":"https:\/\/www.patientenbeteiligung.de\/nrw\/#website"},"primaryImageOfPage":{"@id":"https:\/\/www.patientenbeteiligung.de\/nrw\/termin\/regionale-patientenforen\/#primaryimage"},"image":{"@id":"https:\/\/www.patientenbeteiligung.de\/nrw\/termin\/regionale-patientenforen\/#primaryimage"},"thumbnailUrl":"https:\/\/www.patientenbeteiligung.de\/nrw\/wp-content\/uploads\/sites\/12\/2023\/10\/IMG_3093-scaled-1.jpg","datePublished":"2025-03-06T13:14:22+00:00","dateModified":"2025-04-03T08:56:34+00:00","breadcrumb":{"@id":"https:\/\/www.patientenbeteiligung.de\/nrw\/termin\/regionale-patientenforen\/#breadcrumb"},"inLanguage":"de","potentialAction":[{"@type":"ReadAction","target":["https:\/\/www.patientenbeteiligung.de\/nrw\/termin\/regionale-patientenforen\/"]}]},{"@type":"ImageObject","inLanguage":"de","@id":"https:\/\/www.patientenbeteiligung.de\/nrw\/termin\/regionale-patientenforen\/#primaryimage","url":"https:\/\/www.patientenbeteiligung.de\/nrw\/wp-content\/uploads\/sites\/12\/2023\/10\/IMG_3093-scaled-1.jpg","contentUrl":"https:\/\/www.patientenbeteiligung.de\/nrw\/wp-content\/uploads\/sites\/12\/2023\/10\/IMG_3093-scaled-1.jpg","width":2560,"height":1440,"caption":"Teilnehmende des vergangenen Regionalen Patientenforums in K\u00f6ln"},{"@type":"BreadcrumbList","@id":"https:\/\/www.patientenbeteiligung.de\/nrw\/termin\/regionale-patientenforen\/#breadcrumb","itemListElement":[{"@type":"ListItem","position":1,"name":"Patientenbeteiligung","item":"https:\/\/www.patientenbeteiligung.de"},{"@type":"ListItem","position":2,"name":"Nordrhein-Westfalen","item":"https:\/\/www.patientenbeteiligung.de\/nrw\/"},{"@type":"ListItem","position":3,"name":"Veranstaltungen","item":"https:\/\/www.patientenbeteiligung.de\/nrw\/termine\/"},{"@type":"ListItem","position":4,"name":"Regionale Patientenforen"}]},{"@type":"WebSite","@id":"https:\/\/www.patientenbeteiligung.de\/nrw\/#website","url":"https:\/\/www.patientenbeteiligung.de\/nrw\/","name":"Patientenbeteiligung NRW","description":"","potentialAction":[{"@type":"SearchAction","target":{"@type":"EntryPoint","urlTemplate":"https:\/\/www.patientenbeteiligung.de\/nrw\/?s={search_term_string}"},"query-input":{"@type":"PropertyValueSpecification","valueRequired":true,"valueName":"search_term_string"}}],"inLanguage":"de"}]}},"_links":{"self":[{"href":"https:\/\/www.patientenbeteiligung.de\/nrw\/wp-json\/wp\/v2\/tribe_events\/6636","targetHints":{"allow":["GET"]}}],"collection":[{"href":"https:\/\/www.patientenbeteiligung.de\/nrw\/wp-json\/wp\/v2\/tribe_events"}],"about":[{"href":"https:\/\/www.patientenbeteiligung.de\/nrw\/wp-json\/wp\/v2\/types\/tribe_events"}],"author":[{"embeddable":true,"href":"https:\/\/www.patientenbeteiligung.de\/nrw\/wp-json\/wp\/v2\/users\/15"}],"version-history":[{"count":5,"href":"https:\/\/www.patientenbeteiligung.de\/nrw\/wp-json\/wp\/v2\/tribe_events\/6636\/revisions"}],"predecessor-version":[{"id":6696,"href":"https:\/\/www.patientenbeteiligung.de\/nrw\/wp-json\/wp\/v2\/tribe_events\/6636\/revisions\/6696"}],"wp:featuredmedia":[{"embeddable":true,"href":"https:\/\/www.patientenbeteiligung.de\/nrw\/wp-json\/wp\/v2\/media\/5170"}],"wp:attachment":[{"href":"https:\/\/www.patientenbeteiligung.de\/nrw\/wp-json\/wp\/v2\/media?parent=6636"}],"wp:term":[{"taxonomy":"post_tag","embeddable":true,"href":"https:\/\/www.patientenbeteiligung.de\/nrw\/wp-json\/wp\/v2\/tags?post=6636"},{"taxonomy":"tribe_events_cat","embeddable":true,"href":"https:\/\/www.patientenbeteiligung.de\/nrw\/wp-json\/wp\/v2\/tribe_events_cat?post=6636"}],"curies":[{"name":"wp","href":"https:\/\/api.w.org\/{rel}","templated":true}]}}